{"id":1528,"date":"2016-06-11T15:50:31","date_gmt":"2016-06-11T18:50:31","guid":{"rendered":"http:\/\/baruerieventos.com.br\/site\/?post_type=tribe_events&amp;p=1528"},"modified":"2016-06-11T15:50:31","modified_gmt":"2016-06-11T18:50:31","slug":"inauguracao-e-exposicao-de-fotografia-em-jandira-espaco-bigua","status":"publish","type":"tribe_events","link":"https:\/\/baruerieventos.com.br\/site\/event\/inauguracao-e-exposicao-de-fotografia-em-jandira-espaco-bigua\/","title":{"rendered":"Inaugura\u00e7\u00e3o e Exposi\u00e7\u00e3o de Fotografias em Jandira &#8211; Espa\u00e7o Bigu\u00e1"},"content":{"rendered":"<div class=\"itemBody\">\n<div class=\"itemFullText\">\n<p style=\"text-align: justify;\"><span id=\"fbPhotoSnowliftCaption\" class=\"fbPhotosPhotoCaption\" tabindex=\"0\" data-ft=\"{&quot;tn&quot;:&quot;K&quot;}\"><span class=\"hasCaption\">ESPA\u00c7O CULTURAL BIGU\u00c1 SER\u00c1 INAUGURADO EM JANDIRA COM EXPOSI\u00c7\u00c3O E INTERVEN\u00c7\u00d5ES ART\u00cdSTICAS<\/span><\/span><\/p>\n<p>Acontecer\u00e1 neste s\u00e1bado 11 de junho, a partir das 17 horas, a inaugura\u00e7\u00e3o do novo Espa\u00e7o Cultural Anthero Correa de Godoy Filho \u201cBigu\u00e1\u201d, uma homenagem ao primeiro fotografo da cidade de Jandira. Esta importante obra foi realizada pela Prefeitura de Jandira por meio de emenda do governo federal e tamb\u00e9m teve <span class=\"text_exposed_show\">recursos municipais.<\/span><\/p>\n<p>A inaugura\u00e7\u00e3o ter\u00e1 diversas apresenta\u00e7\u00f5es art\u00edsticas, destaque para Coralices, grupo Simples Encanto, Duo Dan\u00e7a, banda Egonia, cantor Moreyra Guerra, interven\u00e7\u00e3o teatral e mais estante liter\u00e1ria (com livros gr\u00e1tis). O espa\u00e7o tamb\u00e9m ter\u00e1 a abertura da Expo Bigu\u00e1, uma exposi\u00e7\u00e3o fotogr\u00e1fica com imagens hist\u00f3ricas do munic\u00edpio de Jandira, registradas ao longo dos anos por Anthero Correa de Godoy Filho \u201cBigu\u00e1\u201d (1927\u20132011).<\/p>\n<p>O novo Espa\u00e7o Cultural Bigu\u00e1 ter\u00e1 gest\u00e3o da Secretaria da Cultura de Jandira, o local ser\u00e1 utilizado para realiza\u00e7\u00e3o de exposi\u00e7\u00f5es, saraus, interven\u00e7\u00f5es art\u00edsticas, estante liter\u00e1ria, ensaios e oficinas de artes. Segundo o prefeito Geraldo Teot\u00f4nio, a principal finalidade do espa\u00e7o \u00e9 oferecer a classe art\u00edstica jandirense uma nova op\u00e7\u00e3o para as apresenta\u00e7\u00f5es culturais.<\/p>\n<p>Local: rua Rubens Lopes da Silva, n\u00ba 420 &#8211; Centro &#8211; Jandira &#8211; SP (ao lado do Teatro Municipal Luiz Gonzaga) &#8211; Tel: 4789-1463 \/ 2956 &#8211; Entrada gratuita &#8211; Aberto de seg. a sex. das 10h \u00e0s 16h,<\/p>\n<p style=\"text-align: justify;\">O artista Anthero Correa de Godoy Filho, conhecido \u201cBigu\u00e1\u201d, foi o primeiro fot\u00f3grafo jandirense que registrou com talento e criatividade as principais fotos hist\u00f3ricas do munic\u00edpio de Jandira. Nasceu na capital paulista em 09 de julho de 1927 e viveu em Jandira por muitos anos, onde registrou cenas, fatos e lugares atrav\u00e9s das lentes de sua c\u00e2mera fotogr\u00e1fica. Faleceu em 2011 deixando para a posteridade um importante acervo de imagens que contam a hist\u00f3ria da cidade de Jandira.<\/p>\n<p style=\"text-align: justify;\">A exposi\u00e7\u00e3o fotogr\u00e1fica acontece no Centro Cultural Bigu\u00e1: rua Rubens Lopes da Silva, n\u00ba 420 &#8211; Centro &#8211; Jandira &#8211; SP (ao lado do Teatro Municipal Luiz Gonzaga) &#8211; Tel: 4789-1463 \/ 2956 &#8211; Entrada gratuita &#8211; Aberto de seg. a sex. das 10h \u00e0s 16h, agendamentos podem ser feitos com anteced\u00eancia pr\u00e9via.<\/p>\n<p style=\"text-align: justify;\"><a href=\"https:\/\/www.facebook.com\/1387647761554825\/photos\/?tab=album&amp;album_id=1636747533311512\" target=\"_blank\">Veja Fotos da Inaugura\u00e7\u00e3o, feitas por nossa Equipe que esteve no local e acompanhou.<\/a><\/p>\n<\/div>\n<p style=\"text-align: justify;\">\n<\/div>\n","protected":false},"excerpt":{"rendered":"<p>ESPA\u00c7O CULTURAL BIGU\u00c1 SER\u00c1 INAUGURADO EM JANDIRA COM EXPOSI\u00c7\u00c3O E INTERVEN\u00c7\u00d5ES ART\u00cdSTICAS Acontecer\u00e1 neste s\u00e1bado 11 de junho, a partir das 17 horas, a inaugura\u00e7\u00e3o do novo Espa\u00e7o Cultural Anthero [&hellip;]<\/p>\n","protected":false},"author":2,"featured_media":1529,"template":"","meta":{"_tribe_events_status":"","_tribe_events_status_reason":"","footnotes":""},"tags":[503,794,1009,1768,2251,2440,2563,2581,3281,4350],"tribe_events_cat":[6729,6738,6741,6742,6747,6749],"class_list":["post-1528","tribe_events","type-tribe_events","status-publish","has-post-thumbnail","hentry","tag-anthero-correa-de-godoy","tag-banda-egonia","tag-big","tag-coralices","tag-duo-danca","tag-espaco-cultural-em-jandira","tag-expo-bigua","tag-exposicao-bigua","tag-grupo-simples-encanto","tag-moreyra-gerra","tribe_events_cat-arte","tribe_events_cat-culturais","tribe_events_cat-evento-gratuito","tribe_events_cat-feiras-e-exposicoes","tribe_events_cat-inauguracoes-solenidades","tribe_events_cat-lancamentos-de-obras-culturais","cat_arte","cat_culturais","cat_evento-gratuito","cat_feiras-e-exposicoes","cat_inauguracoes-solenidades","cat_lancamentos-de-obras-culturais"],"_links":{"self":[{"href":"https:\/\/baruerieventos.com.br\/site\/wp-json\/wp\/v2\/tribe_events\/1528","targetHints":{"allow":["GET"]}}],"collection":[{"href":"https:\/\/baruerieventos.com.br\/site\/wp-json\/wp\/v2\/tribe_events"}],"about":[{"href":"https:\/\/baruerieventos.com.br\/site\/wp-json\/wp\/v2\/types\/tribe_events"}],"author":[{"embeddable":true,"href":"https:\/\/baruerieventos.com.br\/site\/wp-json\/wp\/v2\/users\/2"}],"version-history":[{"count":0,"href":"https:\/\/baruerieventos.com.br\/site\/wp-json\/wp\/v2\/tribe_events\/1528\/revisions"}],"wp:featuredmedia":[{"embeddable":true,"href":"https:\/\/baruerieventos.com.br\/site\/wp-json\/"}],"wp:attachment":[{"href":"https:\/\/baruerieventos.com.br\/site\/wp-json\/wp\/v2\/media?parent=1528"}],"wp:term":[{"taxonomy":"post_tag","embeddable":true,"href":"https:\/\/baruerieventos.com.br\/site\/wp-json\/wp\/v2\/tags?post=1528"},{"taxonomy":"tribe_events_cat","embeddable":true,"href":"https:\/\/baruerieventos.com.br\/site\/wp-json\/wp\/v2\/tribe_events_cat?post=1528"}],"curies":[{"name":"wp","href":"https:\/\/api.w.org\/{rel}","templated":true}]}}