{"id":2059,"date":"2016-11-11T20:06:31","date_gmt":"2016-11-11T22:06:31","guid":{"rendered":"http:\/\/baruerieventos.com.br\/site\/?post_type=tribe_events&amp;p=2059"},"modified":"2016-11-11T20:06:31","modified_gmt":"2016-11-11T22:06:31","slug":"grito-de-carnaval-das-escolas-de-samba-de-barueri","status":"publish","type":"tribe_events","link":"https:\/\/baruerieventos.com.br\/site\/event\/grito-de-carnaval-das-escolas-de-samba-de-barueri\/","title":{"rendered":"Grito de Carnaval das Escolas de Samba de Barueri"},"content":{"rendered":"<p>A Liesb, liga das escolas de samba de Barueri, realiza neste \u00a0feriado de 15 de novembro, no Centro Cultural o &#8220;<strong>Grito de Carnaval<\/strong>&#8220;, com participa\u00e7\u00e3o de todas as 11 agremia\u00e7\u00f5es escritas para os desfiles do pr\u00f3ximo ano.<\/p>\n<p>A partir das 14 horas \u00a0se apresentar\u00e3o as escolas:<\/p>\n<p>Engenho da Gente, Caciques da Vila, Unidos do Paulista, Mocidade Mariah, Unidos do S\u00e3o Jorge, Ganga, Unidos do Belval,Uni\u00e3o das Vilas, Cad\u00eancia Paulista, Mocidade Verde e Rosa e Oba-Oba.<\/p>\n<p>As escolas se apresentar\u00e3o com bateria, passistas e casal de mestre-sala e porta-bandeira.<\/p>\n<p><a href=\"https:\/\/www.facebook.com\/Liesb-Liga-Independente-Escolas-De-Samba-De-Barueri-389461687907583\/\" target=\"_blank\">Acesse o Facebook da LIESB<\/a><\/p>\n<p><a href=\"https:\/\/baruerieventos.com.br\/site\/wp-content\/uploads\/2016\/11\/sb.jpg\"><img loading=\"lazy\" decoding=\"async\" class=\"alignleft size-full wp-image-2062\" src=\"https:\/\/baruerieventos.com.br\/site\/wp-content\/uploads\/2016\/11\/sb.jpg\" alt=\"sb\" width=\"652\" height=\"960\" \/><\/a><\/p>\n<p>&nbsp;<\/p>\n","protected":false},"excerpt":{"rendered":"<p>A Liesb, liga das escolas de samba de Barueri, realiza neste \u00a0feriado de 15 de novembro, no Centro Cultural o &#8220;Grito de Carnaval&#8220;, com participa\u00e7\u00e3o de todas as 11 agremia\u00e7\u00f5es [&hellip;]<\/p>\n","protected":false},"author":2,"featured_media":2060,"template":"","meta":{"_tribe_events_status":"","_tribe_events_status_reason":"","footnotes":""},"tags":[1144,1146,2366,3104,3880,3883,4330,4332,4637,6403,6408,6410,6411],"tribe_events_cat":[6738,6739,6741,6750,6756],"class_list":["post-2059","tribe_events","type-tribe_events","status-publish","has-post-thumbnail","hentry","tag-caciques-da-vila","tag-cadencia-paulista","tag-engenho-da-gente","tag-ganga","tag-liesb","tag-liga-das-escolas-de-samba-de-barueri","tag-mocidade-mariah","tag-mocidade-verde-e-rosa","tag-oba-oba","tag-uniao-da-das-vilas","tag-unidos-do-belval","tag-unidos-do-paulista","tag-unidos-do-sao-jorge","tribe_events_cat-culturais","tribe_events_cat-danca","tribe_events_cat-evento-gratuito","tribe_events_cat-musicais","tribe_events_cat-shows","cat_culturais","cat_danca","cat_evento-gratuito","cat_musicais","cat_shows"],"_links":{"self":[{"href":"https:\/\/baruerieventos.com.br\/site\/wp-json\/wp\/v2\/tribe_events\/2059","targetHints":{"allow":["GET"]}}],"collection":[{"href":"https:\/\/baruerieventos.com.br\/site\/wp-json\/wp\/v2\/tribe_events"}],"about":[{"href":"https:\/\/baruerieventos.com.br\/site\/wp-json\/wp\/v2\/types\/tribe_events"}],"author":[{"embeddable":true,"href":"https:\/\/baruerieventos.com.br\/site\/wp-json\/wp\/v2\/users\/2"}],"version-history":[{"count":0,"href":"https:\/\/baruerieventos.com.br\/site\/wp-json\/wp\/v2\/tribe_events\/2059\/revisions"}],"wp:featuredmedia":[{"embeddable":true,"href":"https:\/\/baruerieventos.com.br\/site\/wp-json\/"}],"wp:attachment":[{"href":"https:\/\/baruerieventos.com.br\/site\/wp-json\/wp\/v2\/media?parent=2059"}],"wp:term":[{"taxonomy":"post_tag","embeddable":true,"href":"https:\/\/baruerieventos.com.br\/site\/wp-json\/wp\/v2\/tags?post=2059"},{"taxonomy":"tribe_events_cat","embeddable":true,"href":"https:\/\/baruerieventos.com.br\/site\/wp-json\/wp\/v2\/tribe_events_cat?post=2059"}],"curies":[{"name":"wp","href":"https:\/\/api.w.org\/{rel}","templated":true}]}}