{"id":2630,"date":"2017-04-04T11:08:00","date_gmt":"2017-04-04T14:08:00","guid":{"rendered":"http:\/\/baruerieventos.com.br\/site\/?post_type=tribe_events&amp;p=2630"},"modified":"2017-04-04T11:08:00","modified_gmt":"2017-04-04T14:08:00","slug":"oswaldo-montenegro-em-barueri","status":"publish","type":"tribe_events","link":"https:\/\/baruerieventos.com.br\/site\/event\/oswaldo-montenegro-em-barueri\/","title":{"rendered":"Oswaldo Montenegro em Barueri"},"content":{"rendered":"<p>Atualmente, al\u00e9m de estar trabalhando em mais um DVD, o\u00a0artista multitalentos est\u00e1 em turn\u00ea pelo Brasil com o show \u201cNossas Hist\u00f3rias\u201d &#8211; na qual ele toca suas m\u00fasicas mais conhecidas em comemora\u00e7\u00e3o aos 40 anos de\u00a0parceria com a \ufb02autista Madalena Salles.<\/p>\n<p>Foi em 1979 que Oswaldo estourou na m\u00eddia, gra\u00e7as ao sucesso de \u201cBandolins\u201d e \u201cAgonia\u201d em festivais. E n\u00e3o parou por a\u00ed, seu terceiro LP \u201cOswaldo Montenegro\u201d\u00a0(WEA\/1980) foi certi\ufb01 cado como disco de ouro. Continuou trabalhando em novos espet\u00e1culos teatrais de sucesso e lan\u00e7ando \u00e1lbuns nos pr\u00f3ximos anos, tais como\u00a0\u201cCristal\u201d, \u201cL\u00e9o e Bia\u201d e \u201cBrincando em cima daquilo\u201d, com Mar\u00edlia P\u00eara. Em 1989 lan\u00e7ou o cd \u201cOswaldo Montenegro ao vivo\u201d (Som Livre), o mais vendido da sua\u00a0carreira.\u00a0Mudou-se temporariamente para S\u00e3o Paulo em 1990 devido ao \u00eaxito da pe\u00e7a \u201cNoturno\u201d, que impulsionou a produ\u00e7\u00e3o de outras montagens por diversas cidades do\u00a0pa\u00eds nos pr\u00f3ximos anos.\u00a0Mesmo com a mudan\u00e7a, o artista continuava indo ao Rio para gravar seus discos, entre eles: \u201cOswaldo Montenegro\u201d (Som Livre\/1990), com a faixa \u201cTravessuras\u201d,\u00a0que fez parte da trilha sonora da novela Gente Fina (TV Globo); \u201cVida de Artista\u201d (Som Livre), de 1991, que fez muito sucesso e rendeu uma turn\u00ea com mais de 200\u00a0apresenta\u00e7\u00f5es; \u201cSeu Francisco\u201d (1993) \u00e9 uma grava\u00e7\u00e3o ao vivo que conta com releituras de Chico Buarque; e \u201cLetras Brasileiras\u201d (Albatroz\/1997), que foi resultado\u00a0do reencontro do cantor com Roberto Menescal e rendeu uma segunda edi\u00e7\u00e3o em 2004.\u00a0Em 1994, publicou \u201cO Vale Encantado\u201d, seu primeiro livro \u2013 que mais tarde, virou tamb\u00e9m pe\u00e7a teatral, cd e home-video. No mesmo ano, a obra voltada ao p\u00fablico\u00a0infantil foi indicada pelo MEC para ser adotado nas escolas de primeiro grau. Ainda em 1994, Oswaldo realizou sua primeira digress\u00e3o internacional, fazendo shows\u00a0em Boston, New Jersey, Monte Vernon, Conecticut e Miami. Em 1998, recebeu o t\u00edtulo de cidad\u00e3o honor\u00e1rio de Bras\u00edlia pela C\u00e2mara Legislativa do Distrito Federal.\u00a0Em 2000, comemorou os 20 anos de carreira em grande estilo: al\u00e9m do lan\u00e7amento de um box-set (\u201cS\u00f3 Para Colecionadores\u201d), de dois cds (\u201cLetras Brasileiras Ao\u00a0Vivo\u201d e \u201cEscondido no Tempo\u201d) e do show \u201cVinte Anos de Hist\u00f3rias\u201d, o artista foi homenageado pelo Gr\u00eamio Recreativo Escola de Samba Mocidade Independente do\u00a0Gama no Carnaval, que fez o samba enredo inspirado na jornada de Oswaldo Montenegro.\u00a0Em 2002, a turn\u00ea que dava suporte ao disco \u201cEstrada Nova\u201d bateu recorde de p\u00fablico. Em 2005, seu CD\/DVD \u201cOswaldo Montenegro \u2013 25 Anos de Hist\u00f3ria\u201d atingiu a\u00a0marca das 100 mil c\u00f3pias vendidas.\u00a0Fez sua estreia na televis\u00e3o em 2004, com o programa \u201cTipos\u201d no Canal Brasil \u2013 parceria que tamb\u00e9m resultou no programa \u201cLetras Brasileiras\u201d com Roberto\u00a0Menescal (2006), \u201cNa Trilha da Macuna\u00edma\u201d com a sua premiada Cia Mulungo e, mais recentemente, a miniss\u00e9rie \u201cDe Sonhos a Segredos\u201d (2017). Tamb\u00e9m tem tr\u00eas\u00a0premiados e aclamados longas-metragens: \u201cL\u00e9o e Bia\u201d (2010), \u201cSolid\u00f5es\u201d (2013) e \u201cO Perfume da Mem\u00f3ria\u201d (2016).\u00a0Com mais de 30 anos de estrada, Oswaldo Montenegro n\u00e3o d\u00e1 sinais de que pretende parar t\u00e3o cedo. Atualmente, al\u00e9m de estar trabalhando em mais um DVD, o\u00a0artista multitalentos est\u00e1 em turn\u00ea pelo Brasil com o show \u201cNossas Hist\u00f3rias\u201d &#8211; na qual ele toca suas m\u00fasicas mais conhecidas em comemora\u00e7\u00e3o aos 40 anos de\u00a0parceria com a \ufb02autista Madalena Salles.<\/p>\n<p><strong>Este evento \u00e9 uma realiza\u00e7\u00e3o de Live Co..<\/strong><\/p>\n<p>Ingressos: R$ 80 a R$ 120<br \/>\n<a href=\"https:\/\/ticketbrasil.com.br\/show\/4828-oswaldomontenegro-saopaulo-sp\/ingressos\/\" target=\"_blank\">Compre seu ingresso on line<\/a><\/p>\n","protected":false},"excerpt":{"rendered":"<p>Atualmente, al\u00e9m de estar trabalhando em mais um DVD, o\u00a0artista multitalentos est\u00e1 em turn\u00ea pelo Brasil com o show \u201cNossas Hist\u00f3rias\u201d &#8211; na qual ele toca suas m\u00fasicas mais conhecidas [&hellip;]<\/p>\n","protected":false},"author":2,"featured_media":2631,"template":"","meta":{"_tribe_events_status":"","_tribe_events_status_reason":"","footnotes":""},"tags":[2944,3995,4553,4799],"tribe_events_cat":[6738,6756],"class_list":["post-2630","tribe_events","type-tribe_events","status-publish","has-post-thumbnail","hentry","tag-flautista-madalena-salles","tag-madalena-salles","tag-nossas-historias","tag-oswaldo-montenegro","tribe_events_cat-culturais","tribe_events_cat-shows","cat_culturais","cat_shows"],"_links":{"self":[{"href":"https:\/\/baruerieventos.com.br\/site\/wp-json\/wp\/v2\/tribe_events\/2630","targetHints":{"allow":["GET"]}}],"collection":[{"href":"https:\/\/baruerieventos.com.br\/site\/wp-json\/wp\/v2\/tribe_events"}],"about":[{"href":"https:\/\/baruerieventos.com.br\/site\/wp-json\/wp\/v2\/types\/tribe_events"}],"author":[{"embeddable":true,"href":"https:\/\/baruerieventos.com.br\/site\/wp-json\/wp\/v2\/users\/2"}],"version-history":[{"count":0,"href":"https:\/\/baruerieventos.com.br\/site\/wp-json\/wp\/v2\/tribe_events\/2630\/revisions"}],"wp:featuredmedia":[{"embeddable":true,"href":"https:\/\/baruerieventos.com.br\/site\/wp-json\/"}],"wp:attachment":[{"href":"https:\/\/baruerieventos.com.br\/site\/wp-json\/wp\/v2\/media?parent=2630"}],"wp:term":[{"taxonomy":"post_tag","embeddable":true,"href":"https:\/\/baruerieventos.com.br\/site\/wp-json\/wp\/v2\/tags?post=2630"},{"taxonomy":"tribe_events_cat","embeddable":true,"href":"https:\/\/baruerieventos.com.br\/site\/wp-json\/wp\/v2\/tribe_events_cat?post=2630"}],"curies":[{"name":"wp","href":"https:\/\/api.w.org\/{rel}","templated":true}]}}