{"id":3168,"date":"2017-07-06T15:27:10","date_gmt":"2017-07-06T18:27:10","guid":{"rendered":"http:\/\/baruerieventos.com.br\/site\/?post_type=tribe_events&amp;p=3168"},"modified":"2017-07-06T15:27:10","modified_gmt":"2017-07-06T18:27:10","slug":"arraia-de-barueri","status":"publish","type":"tribe_events","link":"https:\/\/baruerieventos.com.br\/site\/event\/arraia-de-barueri\/","title":{"rendered":"Arrai\u00e1 de Barueri"},"content":{"rendered":"<p>A Festa Julina, com barracas de comidas t\u00edpicas, espa\u00e7o brincar e shows gratuitos da banda Rastap\u00e9 e da dupla Marcos &amp; Belutti, acontecer\u00e1 em frente ao Gin\u00e1sio Jos\u00e9 Corr\u00eaa (Centro), neste s\u00e1bado (8) e domingo (9), das 9 \u00e0s 20 horas.<\/p>\n<p>O Arrai\u00e1 de Barueri ter\u00e1 estrutura ainda maior para a pra\u00e7a de alimenta\u00e7\u00e3o, com mais op\u00e7\u00f5es de comes e bebes. Haver\u00e1 barracas de caldos e brigadeiros, churrasco, acaraj\u00e9, doces, bolos, lanche grego, batata frita, crepe, comida mineira, sucos naturais, quent\u00e3o, vinho quente e muito mais.<\/p>\n<p>Para a crian\u00e7ada destaca-se o espa\u00e7o brincar com atividades como boca do palha\u00e7o, pescaria, derrubando latas e barraca da argola e outras brincadeiras.<\/p>\n<p>O Fundo Social de Solidariedade Estrela Guia tamb\u00e9m ter\u00e1 um espa\u00e7o para apresentar seus projetos e receber doa\u00e7\u00f5es de alimentos n\u00e3o perec\u00edveis de pessoas que queiram contribuir.<\/p>\n<p><strong>Shows<\/strong><br \/>\nUm arrai\u00e1 tradicional tem que ter forr\u00f3 e em Barueri a cultura popular \u00e9 valorizada. E para celebrar a festan\u00e7a, no s\u00e1bado (dia 8), \u00e0s 18h, haver\u00e1 o show da banda Rastap\u00e9, que far\u00e1 o p\u00fablico dan\u00e7ar ao som do forr\u00f3 p\u00e9-de-serra como \u201cColo de Menina\u201d, \u201cPequenininha\u201d, \u201cBicho de P\u00e9\u201d, \u201cXote das Meninas\u201d, al\u00e9m de releituras de Luiz Gonzaga, Jackson do Pandeiro, Dominguinhos, Alceu Valen\u00e7a, entre outros.<\/p>\n<p>J\u00e1 no domingo, dia 9, no mesmo hor\u00e1rio, o show fica por conta da dupla sertaneja Marcos &amp; Belutti, formada em 2007 por meio do apoio de Bruno (Bruno &amp; Marrone) e Edson (Edson &amp; Hudson). \u201cVem me Amar\u201d, feita por Belutti, se tornou um grande sucesso nas r\u00e1dios, em seguida vieram outra can\u00e7\u00f5es que alcan\u00e7aram os primeiros lugares nas paradas como \u201cPerdoa Amor\u201d, \u201cDomingo de Manh\u00e3\u201d.<\/p>\n<p><strong>\u00a0Arrai\u00e1 de Barueri<br \/>\nQuando: 8 e 9 de julho das 9h \u00e0s 20h<br \/>\nQuanto: Gr\u00e1tis<br \/>\nOnde: Em frente ao Gin\u00e1sio Jos\u00e9 Corr\u00eaa (Centro de Barueri)<br \/>\nMais informa\u00e7\u00f5es: 4199-4960<\/strong><\/p>\n","protected":false},"excerpt":{"rendered":"<p>A Festa Julina, com barracas de comidas t\u00edpicas, espa\u00e7o brincar e shows gratuitos da banda Rastap\u00e9 e da dupla Marcos &amp; Belutti, acontecer\u00e1 em frente ao Gin\u00e1sio Jos\u00e9 Corr\u00eaa (Centro), [&hellip;]<\/p>\n","protected":false},"author":2,"featured_media":3170,"template":"","meta":{"_tribe_events_status":"","_tribe_events_status_reason":"","footnotes":""},"tags":[576,832,2846,2987,4099],"tribe_events_cat":[6738,6739,6741,6742,6744,6756],"class_list":["post-3168","tribe_events","type-tribe_events","status-publish","has-post-thumbnail","hentry","tag-arraia-de-barueri","tag-banda-rastape","tag-festa-julina-em-barueri","tag-forro-em-barueri","tag-marcos-e-belutti-em-barueri","tribe_events_cat-culturais","tribe_events_cat-danca","tribe_events_cat-evento-gratuito","tribe_events_cat-feiras-e-exposicoes","tribe_events_cat-gastronomico","tribe_events_cat-shows","cat_culturais","cat_danca","cat_evento-gratuito","cat_feiras-e-exposicoes","cat_gastronomico","cat_shows"],"_links":{"self":[{"href":"https:\/\/baruerieventos.com.br\/site\/wp-json\/wp\/v2\/tribe_events\/3168","targetHints":{"allow":["GET"]}}],"collection":[{"href":"https:\/\/baruerieventos.com.br\/site\/wp-json\/wp\/v2\/tribe_events"}],"about":[{"href":"https:\/\/baruerieventos.com.br\/site\/wp-json\/wp\/v2\/types\/tribe_events"}],"author":[{"embeddable":true,"href":"https:\/\/baruerieventos.com.br\/site\/wp-json\/wp\/v2\/users\/2"}],"version-history":[{"count":0,"href":"https:\/\/baruerieventos.com.br\/site\/wp-json\/wp\/v2\/tribe_events\/3168\/revisions"}],"wp:featuredmedia":[{"embeddable":true,"href":"https:\/\/baruerieventos.com.br\/site\/wp-json\/"}],"wp:attachment":[{"href":"https:\/\/baruerieventos.com.br\/site\/wp-json\/wp\/v2\/media?parent=3168"}],"wp:term":[{"taxonomy":"post_tag","embeddable":true,"href":"https:\/\/baruerieventos.com.br\/site\/wp-json\/wp\/v2\/tags?post=3168"},{"taxonomy":"tribe_events_cat","embeddable":true,"href":"https:\/\/baruerieventos.com.br\/site\/wp-json\/wp\/v2\/tribe_events_cat?post=3168"}],"curies":[{"name":"wp","href":"https:\/\/api.w.org\/{rel}","templated":true}]}}