{"id":3420,"date":"2017-09-25T18:09:39","date_gmt":"2017-09-25T21:09:39","guid":{"rendered":"http:\/\/baruerieventos.com.br\/site\/?post_type=tribe_events&amp;p=3420"},"modified":"2017-09-25T18:09:39","modified_gmt":"2017-09-25T21:09:39","slug":"3420","status":"publish","type":"tribe_events","link":"https:\/\/baruerieventos.com.br\/site\/event\/3420\/","title":{"rendered":"Corpo Musical da Guarda comemora 20 anos de hist\u00f3ria"},"content":{"rendered":"<p class=\"m_-2690979729173317446Paragraph m_-2690979729173317446SCXW180211154\"><span class=\"m_-2690979729173317446TextRun m_-2690979729173317446SCXW180211154\" lang=\"PT-BR\">Com apresenta\u00e7\u00e3o no TMB,<\/span><span class=\"m_-2690979729173317446TextRun m_-2690979729173317446SCXW180211154\" lang=\"PT-BR\"><span class=\"m_-2690979729173317446NormalTextRun m_-2690979729173317446SCXW180211154\">\u00a0<\/span><\/span><span class=\"m_-2690979729173317446TextRun m_-2690979729173317446SCXW180211154\" lang=\"PT-BR\">Corpo Musical da\u00a0<span class=\"il\">Guarda<\/span>\u00a0comemora 20 anos de hist\u00f3ria<\/span><span class=\"m_-2690979729173317446EOP m_-2690979729173317446SCXW180211154\">\u00a0<\/span><\/p>\n<div class=\"m_-2690979729173317446OutlineElement m_-2690979729173317446Ltr m_-2690979729173317446SCXW180211154\">\n<p class=\"m_-2690979729173317446Paragraph m_-2690979729173317446SCXW180211154\"><span class=\"m_-2690979729173317446EOP m_-2690979729173317446SCXW180211154\">\u00a0<\/span><span class=\"m_-2690979729173317446TextRun m_-2690979729173317446SCXW180211154\" lang=\"PT-BR\">\u00a0<\/span><span class=\"m_-2690979729173317446TextRun m_-2690979729173317446SCXW180211154\" lang=\"PT-BR\">Para celebrar, n<\/span><span class=\"m_-2690979729173317446TextRun m_-2690979729173317446SCXW180211154\" lang=\"PT-BR\">o pr\u00f3ximo dia 25<\/span><span class=\"m_-2690979729173317446TextRun m_-2690979729173317446SCXW180211154\" lang=\"PT-BR\">\u00a0a banda participar\u00e1 do S<\/span><span class=\"m_-2690979729173317446TextRun m_-2690979729173317446SCXW180211154\" lang=\"PT-BR\">egunda Cl\u00e1ssica, no Teatro\u00a0<span class=\"il\">Municipal<\/span>\u00a0de Barueri<\/span><span class=\"m_-2690979729173317446TextRun m_-2690979729173317446SCXW180211154\" lang=\"PT-BR\">,<\/span><span class=\"m_-2690979729173317446TextRun m_-2690979729173317446SCXW180211154\" lang=\"PT-BR\">\u00a0\u00e0s 20h.\u00a0<\/span><span class=\"m_-2690979729173317446EOP m_-2690979729173317446SCXW180211154\">\u00a0<\/span><\/p>\n<\/div>\n<div class=\"m_-2690979729173317446OutlineElement m_-2690979729173317446Ltr m_-2690979729173317446SCXW180211154\">\n<p class=\"m_-2690979729173317446Paragraph m_-2690979729173317446SCXW180211154\"><span class=\"m_-2690979729173317446EOP m_-2690979729173317446SCXW180211154\">\u00a0<\/span><span class=\"m_-2690979729173317446TextRun m_-2690979729173317446SCXW180211154\" lang=\"PT-BR\">No repert\u00f3rio\u00a0<\/span><span class=\"m_-2690979729173317446TextRun m_-2690979729173317446SCXW180211154\" lang=\"PT-BR\">dos guardas instrumentistas\u00a0<\/span><span class=\"m_-2690979729173317446TextRun m_-2690979729173317446SCXW180211154\" lang=\"PT-BR\">est<\/span><span class=\"m_-2690979729173317446TextRun m_-2690979729173317446SCXW180211154\" lang=\"PT-BR\">ar\u00e3o<\/span><span class=\"m_-2690979729173317446TextRun m_-2690979729173317446SCXW180211154\" lang=\"PT-BR\"><span class=\"m_-2690979729173317446NormalTextRun m_-2690979729173317446SCXW180211154\">\u00a0<\/span><\/span><span class=\"m_-2690979729173317446TextRun m_-2690979729173317446SCXW180211154\" lang=\"PT-BR\">t<\/span><span class=\"m_-2690979729173317446TextRun m_-2690979729173317446SCXW180211154\" lang=\"PT-BR\">emas famosos,\u00a0<\/span><span class=\"m_-2690979729173317446TextRun m_-2690979729173317446SCXW180211154\" lang=\"PT-BR\">s<\/span><span class=\"m_-2690979729173317446TextRun m_-2690979729173317446SCXW180211154\" lang=\"PT-BR\">ele\u00e7\u00e3o\u00a0<\/span><span class=\"m_-2690979729173317446TextRun m_-2690979729173317446SCXW180211154\" lang=\"PT-BR\">do\u00a0<\/span><span class=\"m_-2690979729173317446TextRun m_-2690979729173317446SCXW180211154\" lang=\"PT-BR\">Roupa Nova,\u00a0<\/span><span class=\"m_-2690979729173317446TextRun m_-2690979729173317446SCXW180211154\" lang=\"PT-BR\">c<\/span><span class=\"m_-2690979729173317446TextRun m_-2690979729173317446SCXW180211154\" lang=\"PT-BR\">horos e Chorinhos, entre outros<\/span><span class=\"m_-2690979729173317446TextRun m_-2690979729173317446SCXW180211154\" lang=\"PT-BR\">.\u00a0<\/span><\/p>\n<p class=\"m_-2690979729173317446Paragraph m_-2690979729173317446SCXW180211154\">Evento Gratuito.<\/p>\n<\/div>\n<div class=\"m_-2690979729173317446OutlineElement m_-2690979729173317446Ltr m_-2690979729173317446SCXW180211154\">\n<p class=\"m_-2690979729173317446Paragraph m_-2690979729173317446SCXW180211154\"><span class=\"m_-2690979729173317446EOP m_-2690979729173317446SCXW180211154\">\u00a0<\/span><\/p>\n<\/div>\n<div class=\"m_-2690979729173317446OutlineElement m_-2690979729173317446Ltr m_-2690979729173317446SCXW180211154\">\n<p class=\"m_-2690979729173317446Paragraph m_-2690979729173317446SCXW180211154\"><strong><span class=\"m_-2690979729173317446TextRun m_-2690979729173317446SCXW180211154\" lang=\"PT-BR\">20 anos<\/span><\/strong><span class=\"m_-2690979729173317446EOP m_-2690979729173317446SCXW180211154\">\u00a0<\/span><\/p>\n<\/div>\n<div class=\"m_-2690979729173317446OutlineElement m_-2690979729173317446Ltr m_-2690979729173317446SCXW180211154\">\n<p class=\"m_-2690979729173317446Paragraph m_-2690979729173317446SCXW180211154\"><span class=\"m_-2690979729173317446TextRun m_-2690979729173317446SCXW180211154\" lang=\"PT-BR\">O Corpo Musical da\u00a0<span class=\"il\">Guarda<\/span><\/span><span class=\"m_-2690979729173317446TextRun m_-2690979729173317446SCXW180211154\" lang=\"PT-BR\"><span class=\"m_-2690979729173317446NormalTextRun m_-2690979729173317446SCXW180211154\">\u00a0<\/span><\/span><span class=\"m_-2690979729173317446TextRun m_-2690979729173317446SCXW180211154\" lang=\"PT-BR\">foi idealizad<\/span><span class=\"m_-2690979729173317446TextRun m_-2690979729173317446SCXW180211154\" lang=\"PT-BR\">o<\/span><span class=\"m_-2690979729173317446TextRun m_-2690979729173317446SCXW180211154\" lang=\"PT-BR\">\u00a0e criad<\/span><span class=\"m_-2690979729173317446TextRun m_-2690979729173317446SCXW180211154\" lang=\"PT-BR\">o<\/span><span class=\"m_-2690979729173317446TextRun m_-2690979729173317446SCXW180211154\" lang=\"PT-BR\">\u00a0em 16 de setembro de 1997, com efetivo vari\u00e1vel de 10 componentes. Desde o in\u00edcio, tem\u00a0<\/span><span class=\"m_-2690979729173317446TextRun m_-2690979729173317446SCXW180211154\" lang=\"PT-BR\">\u00e0 frente\u00a0<\/span><span class=\"m_-2690979729173317446TextRun m_-2690979729173317446SCXW180211154\" lang=\"PT-BR\">o\u00a0<\/span><span class=\"m_-2690979729173317446TextRun m_-2690979729173317446SCXW180211154\" lang=\"PT-BR\">m<\/span><span class=\"m_-2690979729173317446TextRun m_-2690979729173317446SCXW180211154\" lang=\"PT-BR\">aestro Jo\u00e3o Benedito\u00a0<\/span><span class=\"m_-2690979729173317446TextRun m_-2690979729173317446SCXW180211154\" lang=\"PT-BR\"><span class=\"m_-2690979729173317446SpellingError m_-2690979729173317446SCXW180211154\">Moni<\/span><\/span><span class=\"m_-2690979729173317446TextRun m_-2690979729173317446SCXW180211154\" lang=\"PT-BR\">\u00a0e atualmente conta com 22 integrantes.<\/span><span class=\"m_-2690979729173317446EOP m_-2690979729173317446SCXW180211154\">\u00a0<\/span><\/p>\n<\/div>\n<div class=\"m_-2690979729173317446OutlineElement m_-2690979729173317446Ltr m_-2690979729173317446SCXW180211154\">\n<p class=\"m_-2690979729173317446Paragraph m_-2690979729173317446SCXW180211154\"><span class=\"m_-2690979729173317446EOP m_-2690979729173317446SCXW180211154\">\u00a0<\/span><span class=\"m_-2690979729173317446TextRun m_-2690979729173317446SCXW180211154\" lang=\"PT-BR\">Em mar\u00e7o de 2017 foi publicado o decreto<\/span><span class=\"m_-2690979729173317446TextRun m_-2690979729173317446SCXW180211154\" lang=\"PT-BR\">\u00a0<span class=\"il\">municipal<\/span>\u00a0<\/span><span class=\"m_-2690979729173317446TextRun m_-2690979729173317446SCXW180211154\" lang=\"PT-BR\">8.525 que\u00a0<\/span><span class=\"m_-2690979729173317446TextRun m_-2690979729173317446SCXW180211154\" lang=\"PT-BR\">oficializou a\u00a0<\/span><span class=\"m_-2690979729173317446TextRun m_-2690979729173317446SCXW180211154\" lang=\"PT-BR\">cria\u00e7\u00e3o efetiva do Corpo Musical.<\/span><span class=\"m_-2690979729173317446EOP m_-2690979729173317446SCXW180211154\">\u00a0<\/span><\/p>\n<\/div>\n<div class=\"m_-2690979729173317446OutlineElement m_-2690979729173317446Ltr m_-2690979729173317446SCXW180211154\">\n<p class=\"m_-2690979729173317446Paragraph m_-2690979729173317446SCXW180211154\"><span class=\"m_-2690979729173317446EOP m_-2690979729173317446SCXW180211154\">\u00a0<\/span><span class=\"m_-2690979729173317446TextRun m_-2690979729173317446SCXW180211154\" lang=\"PT-BR\">O repert\u00f3rio ecl\u00e9tico transita do\u00a0<\/span><span class=\"m_-2690979729173317446TextRun m_-2690979729173317446SCXW180211154\" lang=\"PT-BR\">p<\/span><span class=\"m_-2690979729173317446TextRun m_-2690979729173317446SCXW180211154\" lang=\"PT-BR\">opular ao erudito, incluindo marchas, dobrados, hinos e can\u00e7\u00f5es militares<\/span><span class=\"m_-2690979729173317446TextRun m_-2690979729173317446SCXW180211154\" lang=\"PT-BR\">,<\/span><span class=\"m_-2690979729173317446TextRun m_-2690979729173317446SCXW180211154\" lang=\"PT-BR\">\u00a0al\u00e9m de hinos de outros pa\u00edses, uma vez que procura vir ao encontro das aspira\u00e7\u00f5es populares, tornando-se uma banda moderna,\u00a0<\/span><span class=\"m_-2690979729173317446TextRun m_-2690979729173317446SCXW180211154\" lang=\"PT-BR\">mas sem\u00a0<\/span><span class=\"m_-2690979729173317446TextRun m_-2690979729173317446SCXW180211154\" lang=\"PT-BR\">esquece<\/span><span class=\"m_-2690979729173317446TextRun m_-2690979729173317446SCXW180211154\" lang=\"PT-BR\">r\u00a0<\/span><span class=\"m_-2690979729173317446TextRun m_-2690979729173317446SCXW180211154\" lang=\"PT-BR\">das m\u00fasicas tradicionais<\/span><span class=\"m_-2690979729173317446TextRun m_-2690979729173317446SCXW180211154\" lang=\"PT-BR\">,\u00a0<\/span><span class=\"m_-2690979729173317446TextRun m_-2690979729173317446SCXW180211154\" lang=\"PT-BR\">executadas em solenidades dentro e fora da corpora\u00e7\u00e3o.<\/span><span class=\"m_-2690979729173317446EOP m_-2690979729173317446SCXW180211154\">\u00a0<\/span><\/p>\n<\/div>\n<div class=\"m_-2690979729173317446OutlineElement m_-2690979729173317446Ltr m_-2690979729173317446SCXW180211154\">\n<p class=\"m_-2690979729173317446Paragraph m_-2690979729173317446SCXW180211154\"><span class=\"m_-2690979729173317446EOP m_-2690979729173317446SCXW180211154\">\u00a0<\/span><span class=\"m_-2690979729173317446TextRun m_-2690979729173317446SCXW180211154\" lang=\"PT-BR\">Durante essas duas d\u00e9cadas, foram in\u00fameras apresenta\u00e7\u00f5es de\u00a0<\/span><span class=\"m_-2690979729173317446TextRun m_-2690979729173317446SCXW180211154\" lang=\"PT-BR\">f<\/span><span class=\"m_-2690979729173317446TextRun m_-2690979729173317446SCXW180211154\" lang=\"PT-BR\">ormaturas\u00a0<\/span><span class=\"m_-2690979729173317446TextRun m_-2690979729173317446SCXW180211154\" lang=\"PT-BR\">m<\/span><span class=\"m_-2690979729173317446TextRun m_-2690979729173317446SCXW180211154\" lang=\"PT-BR\">ilitares,\u00a0<\/span><span class=\"m_-2690979729173317446TextRun m_-2690979729173317446SCXW180211154\" lang=\"PT-BR\">a<\/span><span class=\"m_-2690979729173317446TextRun m_-2690979729173317446SCXW180211154\" lang=\"PT-BR\">pres<wbr \/>enta\u00e7\u00f5es musicais em\u00a0<\/span><span class=\"m_-2690979729173317446TextRun m_-2690979729173317446SCXW180211154\" lang=\"PT-BR\">t<\/span><span class=\"m_-2690979729173317446TextRun m_-2690979729173317446SCXW180211154\" lang=\"PT-BR\">eatros como o Teatro S\u00e3o Pedro e\u00a0<\/span><span class=\"m_-2690979729173317446TextRun m_-2690979729173317446SCXW180211154\" lang=\"PT-BR\">o\u00a0<\/span><span class=\"m_-2690979729173317446TextRun m_-2690979729173317446SCXW180211154\" lang=\"PT-BR\">Teatro\u00a0<span class=\"il\">Municipal<\/span>\u00a0de Barueri.\u00a0<\/span><span class=\"m_-2690979729173317446TextRun m_-2690979729173317446SCXW180211154\" lang=\"PT-BR\">Os m\u00fasicos p<\/span><span class=\"m_-2690979729173317446TextRun m_-2690979729173317446SCXW180211154\" lang=\"PT-BR\">romove<\/span><span class=\"m_-2690979729173317446TextRun m_-2690979729173317446SCXW180211154\" lang=\"PT-BR\">ram<\/span><span class=\"m_-2690979729173317446TextRun m_-2690979729173317446SCXW180211154\" lang=\"PT-BR\">\u00a0o Primeiro Encontro de\u00a0<\/span><span class=\"m_-2690979729173317446TextRun m_-2690979729173317446SCXW180211154\" lang=\"PT-BR\">B<\/span><span class=\"m_-2690979729173317446TextRun m_-2690979729173317446SCXW180211154\" lang=\"PT-BR\">andas de\u00a0<\/span><span class=\"m_-2690979729173317446TextRun m_-2690979729173317446SCXW180211154\" lang=\"PT-BR\">M<\/span><span class=\"m_-2690979729173317446TextRun m_-2690979729173317446SCXW180211154\" lang=\"PT-BR\">\u00fasica em Barueri,\u00a0<\/span><span class=\"m_-2690979729173317446TextRun m_-2690979729173317446SCXW180211154\" lang=\"PT-BR\">o<\/span><span class=\"m_-2690979729173317446TextRun m_-2690979729173317446SCXW180211154\" lang=\"PT-BR\">\u00a0Encontro de Corais e o Festival Musicalizando. Apresentou<\/span><span class=\"m_-2690979729173317446TextRun m_-2690979729173317446SCXW180211154\" lang=\"PT-BR\">-se tamb\u00e9m na capital paulista e\u00a0<\/span><span class=\"m_-2690979729173317446TextRun m_-2690979729173317446SCXW180211154\" lang=\"PT-BR\">em v\u00e1rias cidades da Baixada Santista<\/span><span class=\"m_-2690979729173317446TextRun m_-2690979729173317446SCXW180211154\" lang=\"PT-BR\">, al\u00e9m de<\/span><span class=\"m_-2690979729173317446TextRun m_-2690979729173317446SCXW180211154\" lang=\"PT-BR\">\u00a0cidades do interior como Atibaia, Boituva, Itarar\u00e9, Iper\u00f3, Itapecerica da Serra, S\u00e3o Roque, Embu das Artes<\/span><span class=\"m_-2690979729173317446TextRun m_-2690979729173317446SCXW180211154\" lang=\"PT-BR\">\u00a0e<\/span><span class=\"m_-2690979729173317446TextRun m_-2690979729173317446SCXW180211154\" lang=\"PT-BR\">\u00a0Serra Negra<\/span><span class=\"m_-2690979729173317446TextRun m_-2690979729173317446SCXW180211154\" lang=\"PT-BR\">.<\/span><span class=\"m_-2690979729173317446EOP m_-2690979729173317446SCXW180211154\">\u00a0<\/span><\/p>\n<\/div>\n<div class=\"m_-2690979729173317446OutlineElement m_-2690979729173317446Ltr m_-2690979729173317446SCXW180211154\">\n<p class=\"m_-2690979729173317446Paragraph m_-2690979729173317446SCXW180211154\"><span class=\"m_-2690979729173317446EOP m_-2690979729173317446SCXW180211154\">\u00a0<\/span><span class=\"m_-2690979729173317446TextRun m_-2690979729173317446SCXW180211154\" lang=\"PT-BR\">O Corpo Musical da\u00a0<span class=\"il\">Guarda<\/span>\u00a0<\/span><span class=\"m_-2690979729173317446TextRun m_-2690979729173317446SCXW180211154\" lang=\"PT-BR\">de Barueri<\/span><span class=\"m_-2690979729173317446TextRun m_-2690979729173317446SCXW180211154\" lang=\"PT-BR\">\u00a0tem como responsabilidade atender o munic\u00edpio abrilhantando solenidades c\u00edvicas e religiosas, desfiles militares, escolares<\/span><span class=\"m_-2690979729173317446TextRun m_-2690979729173317446SCXW180211154\" lang=\"PT-BR\">\u00a0e<\/span><span class=\"m_-2690979729173317446TextRun m_-2690979729173317446SCXW180211154\" lang=\"PT-BR\">\u00a0competi\u00e7\u00f5es desportivas,<\/span><span class=\"m_-2690979729173317446TextRun m_-2690979729173317446SCXW180211154\" lang=\"PT-BR\"><span class=\"m_-2690979729173317446NormalTextRun m_-2690979729173317446SCXW180211154\">\u00a0<\/span><\/span><span class=\"m_-2690979729173317446TextRun m_-2690979729173317446SCXW180211154\" lang=\"PT-BR\">al\u00e9m de recepcionar autoridades diplom\u00e1ticas, dentre outras fun\u00e7\u00f5es. Dentro da Corpora\u00e7\u00e3o<\/span><span class=\"m_-2690979729173317446TextRun m_-2690979729173317446SCXW180211154\" lang=\"PT-BR\">,<\/span><span class=\"m_-2690979729173317446TextRun m_-2690979729173317446SCXW180211154\" lang=\"PT-BR\">\u00a0o Corpo Musical participa dos desfiles internos, c\u00e2nticos e formaturas.\u00a0<\/span><span class=\"m_-2690979729173317446TextRun m_-2690979729173317446SCXW180211154\" lang=\"PT-BR\"><span class=\"m_-2690979729173317446NormalTextRun m_-2690979729173317446SCXW180211154\">\u00a0<\/span><\/span><span class=\"m_-2690979729173317446TextRun m_-2690979729173317446SCXW180211154\" lang=\"PT-BR\">(Colaborou Valqu\u00edria\u00a0<\/span><span class=\"m_-2690979729173317446TextRun m_-2690979729173317446SCXW180211154\" lang=\"PT-BR\"><span class=\"m_-2690979729173317446SpellingError m_-2690979729173317446SCXW180211154\">Sirot<\/span><\/span><span class=\"m_-2690979729173317446TextRun m_-2690979729173317446SCXW180211154\" lang=\"PT-BR\">, da Secretaria de Cultura e Turismo)<\/span><span class=\"m_-2690979729173317446EOP m_-2690979729173317446SCXW180211154\">\u00a0<\/span><\/p>\n<\/div>\n","protected":false},"excerpt":{"rendered":"<p>Com apresenta\u00e7\u00e3o no TMB,\u00a0Corpo Musical da\u00a0Guarda\u00a0comemora 20 anos de hist\u00f3ria\u00a0 \u00a0\u00a0Para celebrar, no pr\u00f3ximo dia 25\u00a0a banda participar\u00e1 do Segunda Cl\u00e1ssica, no Teatro\u00a0Municipal\u00a0de Barueri,\u00a0\u00e0s 20h.\u00a0\u00a0 \u00a0No repert\u00f3rio\u00a0dos guardas instrumentistas\u00a0estar\u00e3o\u00a0temas famosos,\u00a0sele\u00e7\u00e3o\u00a0do\u00a0Roupa [&hellip;]<\/p>\n","protected":false},"author":2,"featured_media":3421,"template":"","meta":{"_tribe_events_status":"","_tribe_events_status_reason":"","footnotes":""},"tags":[],"tribe_events_cat":[6738,6741,6756],"class_list":["post-3420","tribe_events","type-tribe_events","status-publish","has-post-thumbnail","hentry","tribe_events_cat-culturais","tribe_events_cat-evento-gratuito","tribe_events_cat-shows","cat_culturais","cat_evento-gratuito","cat_shows"],"_links":{"self":[{"href":"https:\/\/baruerieventos.com.br\/site\/wp-json\/wp\/v2\/tribe_events\/3420","targetHints":{"allow":["GET"]}}],"collection":[{"href":"https:\/\/baruerieventos.com.br\/site\/wp-json\/wp\/v2\/tribe_events"}],"about":[{"href":"https:\/\/baruerieventos.com.br\/site\/wp-json\/wp\/v2\/types\/tribe_events"}],"author":[{"embeddable":true,"href":"https:\/\/baruerieventos.com.br\/site\/wp-json\/wp\/v2\/users\/2"}],"version-history":[{"count":0,"href":"https:\/\/baruerieventos.com.br\/site\/wp-json\/wp\/v2\/tribe_events\/3420\/revisions"}],"wp:featuredmedia":[{"embeddable":true,"href":"https:\/\/baruerieventos.com.br\/site\/wp-json\/"}],"wp:attachment":[{"href":"https:\/\/baruerieventos.com.br\/site\/wp-json\/wp\/v2\/media?parent=3420"}],"wp:term":[{"taxonomy":"post_tag","embeddable":true,"href":"https:\/\/baruerieventos.com.br\/site\/wp-json\/wp\/v2\/tags?post=3420"},{"taxonomy":"tribe_events_cat","embeddable":true,"href":"https:\/\/baruerieventos.com.br\/site\/wp-json\/wp\/v2\/tribe_events_cat?post=3420"}],"curies":[{"name":"wp","href":"https:\/\/api.w.org\/{rel}","templated":true}]}}