{"id":4063,"date":"2018-04-06T01:45:59","date_gmt":"2018-04-06T04:45:59","guid":{"rendered":"http:\/\/baruerieventos.com.br\/site\/?post_type=tribe_events&amp;p=4063"},"modified":"2018-04-06T01:45:59","modified_gmt":"2018-04-06T04:45:59","slug":"espetaculo-no-sesi-osasco-o-menino-e-a-cerejeira","status":"publish","type":"tribe_events","link":"https:\/\/baruerieventos.com.br\/site\/event\/espetaculo-no-sesi-osasco-o-menino-e-a-cerejeira\/","title":{"rendered":"Espet\u00e1culo no Sesi Osasco &#8220;O Menino e a Cerejeira&#8221;"},"content":{"rendered":"<p style=\"font-weight: 400;\">Com enredo l\u00fadico e emocionante, o espet\u00e1culo\u00a0<em>O Menino e a Cerejeira<\/em>\u00a0chega aos palcos do SESI Osasco nos dias 6 de abril, sexta, \u00e0s 15h, e 7, s\u00e1bado, \u00e0s 16h. A montagem da Borbolina Companhia \u00e9 uma adapta\u00e7\u00e3o da obra de Daisaku Ikeda, um fil\u00f3sofo, escritor, fot\u00f3grafo, poeta e l\u00edder budista japon\u00eas. Os ingressos gratuitos podem ser reservados no site<a href=\"http:\/\/www.sesisp.org.br\/meu-sesi\" data-saferedirecturl=\"https:\/\/www.google.com\/url?hl=pt-BR&amp;q=http:\/\/www.sesisp.org.br\/meu-sesi&amp;source=gmail&amp;ust=1523075622176000&amp;usg=AFQjCNGgniXLmhpIShakpRuTJGLkTrlOSA\">www.sesisp.org.br\/meu-sesi<\/a>.<\/p>\n<p style=\"font-weight: 400;\">Em um cen\u00e1rio p\u00f3s Segunda Guerra Mundial, os japoneses buscam alternativas para viver melhor. De um lado, um senhor j\u00e1 idoso cuida da \u00fanica cerejeira sobrevivente aos bombardeios. Do outro, um garoto triste, Taiti, tenta superar a perda do pai na guerra. Assim, surge uma amizade mais forte do que qualquer conflito, que levar\u00e1 o menino a encontrar sua for\u00e7a e coragem para trazer a luz da esperan\u00e7a para todos da aldeia.<\/p>\n<p style=\"font-weight: 400;\">O\u00a0<em>Menino e a Cerejeira<\/em>\u00a0utiliza elementos da cultura oriental para conversar diretamente com o p\u00fablico por meio da arte. O cen\u00e1rio \u00e9 composto por taik\u00f4s (tambores do Jap\u00e3o), pain\u00e9is e bonsais, que ajudam a compor o enredo de forma l\u00fadica e vibrante. Com di\u00e1logos sinceros e uma trilha sonora original, a pe\u00e7a ensina a toda a fam\u00edlia sobre esperan\u00e7a e amizade, deixando a promessa de um mundo mais justo e humano.<\/p>\n<p style=\"font-weight: 400;\">\n<p style=\"font-weight: 400;\"><strong><u>Ficha t\u00e9cnica<\/u><\/strong><\/p>\n<p style=\"font-weight: 400;\">Autor: Daisaku Ikeda | Idealiza\u00e7\u00e3o, Adapta\u00e7\u00e3o e Dire\u00e7\u00e3o: Stella Tobar | Elenco: Alle Paix\u00e3o, Cleber Tolini, Giuliano Caratori, Jo\u00e3o Bourbonnais| Trilha Original Original: S\u00e9rvulo Augusto | Prepara\u00e7\u00e3o tambor japon\u00eas: Gustavo Nogueira | M\u00fasica Hajime: Yuzo Akahori | Cen\u00e1rio e Figurino: Paula de Paoli | Adere\u00e7os: Clau Carmo | Visagismo: Gil Prando | Cenotecnia: Wagner Almeida | Ilumina\u00e7\u00e3o: Giuliano Caratori | Fotos: Eduardo Petrini | Operadora de Luz: Giovana Amaral | Operador de Som: Eduardo Petrini | Assessoria de Imprensa e M\u00eddias Socias: Gleice Carvalho, Ag\u00eancia Cultura de Paz | Produ\u00e7\u00e3o e Realiza\u00e7\u00e3o: Borbolina Produ\u00e7\u00f5es e Borbolina Companhia.<\/p>\n<p style=\"font-weight: 400;\">\n<p style=\"font-weight: 400;\"><strong><u>SERVI\u00c7O<\/u><\/strong><\/p>\n<p style=\"font-weight: 400;\"><strong>Local:<\/strong>\u00a0Teatro do SESI Osasco \u2013 Rua Calixto Barbieri, 23\/83<\/p>\n<p style=\"font-weight: 400;\">\n<p style=\"font-weight: 400;\">Datas e hor\u00e1rios: dias 6 de abril, sexta, \u00e0s 15h, e 7, s\u00e1bado, \u00e0s 16h<\/p>\n<p style=\"font-weight: 400;\">Capacidade: 219 lugares 02 para cadeirantes<\/p>\n<p style=\"font-weight: 400;\">Dura\u00e7\u00e3o: 50 minutos<\/p>\n<p style=\"font-weight: 400;\">Classifica\u00e7\u00e3o indicativa: Livre<\/p>\n<p style=\"font-weight: 400;\">Modalidade: Infantil<\/p>\n<p style=\"font-weight: 400;\">G\u00eanero: Drama<\/p>\n<p style=\"font-weight: 400;\">Informa\u00e7\u00f5es: (11) 3602-6200<\/p>\n<p style=\"font-weight: 400;\">Site: (<a href=\"http:\/\/www.osasco.sesisp.org.br\/\" data-saferedirecturl=\"https:\/\/www.google.com\/url?hl=pt-BR&amp;q=http:\/\/www.osasco.sesisp.org.br&amp;source=gmail&amp;ust=1523075622177000&amp;usg=AFQjCNGTnSEr0aKAU8Vt21qgaxeNQF_Uvw\">www.osasco.sesisp.org.br<\/a>)<\/p>\n<p style=\"font-weight: 400;\">Entrada gratuita \u2013 Reservas antecipadas pelo Meu SESI (<a href=\"http:\/\/www.sesisp.org.br\/meusesi\" data-saferedirecturl=\"https:\/\/www.google.com\/url?hl=pt-BR&amp;q=http:\/\/www.sesisp.org.br\/meusesi&amp;source=gmail&amp;ust=1523075622177000&amp;usg=AFQjCNH9PhAwEwuifrpsQL1QViNNTyUumQ\">www.sesisp.org.br\/meusesi<\/a>). Os ingressos ser\u00e3o distribu\u00eddos 01 hora antes do in\u00edcio do espet\u00e1culo.<\/p>\n","protected":false},"excerpt":{"rendered":"<p>Com enredo l\u00fadico e emocionante, o espet\u00e1culo\u00a0O Menino e a Cerejeira\u00a0chega aos palcos do SESI Osasco nos dias 6 de abril, sexta, \u00e0s 15h, e 7, s\u00e1bado, \u00e0s 16h. A [&hellip;]<\/p>\n","protected":false},"author":2,"featured_media":4064,"template":"","meta":{"_tribe_events_status":"","_tribe_events_status_reason":"","footnotes":""},"tags":[1067,4259,4641,5853,6059,6173],"tribe_events_cat":[6729,6741,6748,6757],"class_list":["post-4063","tribe_events","type-tribe_events","status-publish","has-post-thumbnail","hentry","tag-borbolina-companhia","tag-meu-sesi","tag-obra-de-daisaku-ikeda","tag-sesi-osasco","tag-stella-tobar","tag-teatro-infantil","tribe_events_cat-arte","tribe_events_cat-evento-gratuito","tribe_events_cat-infantil","tribe_events_cat-teatro","cat_arte","cat_evento-gratuito","cat_infantil","cat_teatro"],"_links":{"self":[{"href":"https:\/\/baruerieventos.com.br\/site\/wp-json\/wp\/v2\/tribe_events\/4063","targetHints":{"allow":["GET"]}}],"collection":[{"href":"https:\/\/baruerieventos.com.br\/site\/wp-json\/wp\/v2\/tribe_events"}],"about":[{"href":"https:\/\/baruerieventos.com.br\/site\/wp-json\/wp\/v2\/types\/tribe_events"}],"author":[{"embeddable":true,"href":"https:\/\/baruerieventos.com.br\/site\/wp-json\/wp\/v2\/users\/2"}],"version-history":[{"count":0,"href":"https:\/\/baruerieventos.com.br\/site\/wp-json\/wp\/v2\/tribe_events\/4063\/revisions"}],"wp:featuredmedia":[{"embeddable":true,"href":"https:\/\/baruerieventos.com.br\/site\/wp-json\/"}],"wp:attachment":[{"href":"https:\/\/baruerieventos.com.br\/site\/wp-json\/wp\/v2\/media?parent=4063"}],"wp:term":[{"taxonomy":"post_tag","embeddable":true,"href":"https:\/\/baruerieventos.com.br\/site\/wp-json\/wp\/v2\/tags?post=4063"},{"taxonomy":"tribe_events_cat","embeddable":true,"href":"https:\/\/baruerieventos.com.br\/site\/wp-json\/wp\/v2\/tribe_events_cat?post=4063"}],"curies":[{"name":"wp","href":"https:\/\/api.w.org\/{rel}","templated":true}]}}