{"id":4402,"date":"2018-08-04T00:06:07","date_gmt":"2018-08-04T03:06:07","guid":{"rendered":"http:\/\/baruerieventos.com.br\/site\/?post_type=tribe_events&amp;p=4402"},"modified":"2018-08-04T00:06:07","modified_gmt":"2018-08-04T03:06:07","slug":"2a-edicao-da-caravana-da-familia","status":"publish","type":"tribe_events","link":"https:\/\/baruerieventos.com.br\/site\/event\/2a-edicao-da-caravana-da-familia\/","title":{"rendered":"2\u00aa edi\u00e7\u00e3o da Caravana da Fam\u00edlia"},"content":{"rendered":"<p><b>\u00a0<\/b>A Secretaria de Cultura e Turismo de Barueri vai proporcionar muita intera\u00e7\u00e3o e apresenta\u00e7\u00f5es art\u00edsticas na segunda edi\u00e7\u00e3o da Caravana da Fam\u00edlia. Nos dias 4 (s\u00e1bado) e 5 (domingo), mais de 3.700 alunos das Oficinas de Artes e dos N\u00facleos de Dan\u00e7a e de M\u00fasica, juntamente com seus pais, viver\u00e3o uma experi\u00eancia incr\u00edvel nas bibliotecas municipais, no Centro de Eventos, no gin\u00e1sio de esportes do Jardim Tupanci e na Emeief Carlos Osmarinho.<\/p>\n<p>Durante a Caravana da Fam\u00edlia, os alunos mostrar\u00e3o aos seus familiares o que aprenderam nos cursos de m\u00fasica, dan\u00e7a, circo, desenho e teatro.<\/p>\n<p>O objetivo do encontro \u00e9 aproximar pais, m\u00e3es, irm\u00e3os e quem quiser participar do processo de aprendizagem dos alunos dos cursos livres. Os convidados assistir\u00e3o \u00e0s apresenta\u00e7\u00f5es dos alunos, podendo interagir com as linguagens art\u00edsticas em cena. Cada espa\u00e7o contar\u00e1 com seu hor\u00e1rio e programa\u00e7\u00e3o espec\u00edficos. O in\u00edcio das atividades ser\u00e1 simult\u00e2neo, \u00e0s 9h, em todos os locais, e se estende at\u00e9 17h.<\/p>\n<p>Nesta edi\u00e7\u00e3o, haver\u00e1 apresenta\u00e7\u00f5es musicais com estudantes de viol\u00e3o, guitarra, instrumentos de sopro, fanfarra, atua\u00e7\u00f5es teatrais, espet\u00e1culos de dan\u00e7as cl\u00e1ssicas e brasileiras, coral, entre outras.<\/p>\n<p>Confira as bibliotecas participantes da Caravana da Fam\u00edlia: Jo\u00e3o Galdino (Jardim Silveira), Jair Hon\u00f3rio (Parque Viana), Salom\u00e3o Cruz (Cruz Preta), Cora Coralina (Parque dos Camargos), Benedito Franco (Jardim Paulista), Eny Cordeiro (Jardim Belval) e Gibiteka Max Zendron (Boa Vista).<\/p>\n","protected":false},"excerpt":{"rendered":"<p>\u00a0A Secretaria de Cultura e Turismo de Barueri vai proporcionar muita intera\u00e7\u00e3o e apresenta\u00e7\u00f5es art\u00edsticas na segunda edi\u00e7\u00e3o da Caravana da Fam\u00edlia. Nos dias 4 (s\u00e1bado) e 5 (domingo), mais [&hellip;]<\/p>\n","protected":false},"author":2,"featured_media":4403,"template":"","meta":{"_tribe_events_status":"","_tribe_events_status_reason":"","footnotes":""},"tags":[979,1284,1401,1747,2374,3153,3566,3625,4708,5624],"tribe_events_cat":[6738,6741,6742,6750],"class_list":["post-4402","tribe_events","type-tribe_events","status-publish","has-post-thumbnail","hentry","tag-benedito-franco-jardim-paulista","tag-caravana-da-familia","tag-centro-de-eventos","tag-cora-coralina-parque-dos-camargos","tag-eny-cordeiro-jardim-belval","tag-gibiteka-max-zendron-boa-vista","tag-jair-honorio-parque-viana","tag-joao-galdino-jardim-silveira","tag-oficinas-de-artes-e-dos-nucleos-de-danca-e-de-musica","tag-salomao-cruz-cruz-preta","tribe_events_cat-culturais","tribe_events_cat-evento-gratuito","tribe_events_cat-feiras-e-exposicoes","tribe_events_cat-musicais","cat_culturais","cat_evento-gratuito","cat_feiras-e-exposicoes","cat_musicais"],"_links":{"self":[{"href":"https:\/\/baruerieventos.com.br\/site\/wp-json\/wp\/v2\/tribe_events\/4402","targetHints":{"allow":["GET"]}}],"collection":[{"href":"https:\/\/baruerieventos.com.br\/site\/wp-json\/wp\/v2\/tribe_events"}],"about":[{"href":"https:\/\/baruerieventos.com.br\/site\/wp-json\/wp\/v2\/types\/tribe_events"}],"author":[{"embeddable":true,"href":"https:\/\/baruerieventos.com.br\/site\/wp-json\/wp\/v2\/users\/2"}],"version-history":[{"count":0,"href":"https:\/\/baruerieventos.com.br\/site\/wp-json\/wp\/v2\/tribe_events\/4402\/revisions"}],"wp:featuredmedia":[{"embeddable":true,"href":"https:\/\/baruerieventos.com.br\/site\/wp-json\/"}],"wp:attachment":[{"href":"https:\/\/baruerieventos.com.br\/site\/wp-json\/wp\/v2\/media?parent=4402"}],"wp:term":[{"taxonomy":"post_tag","embeddable":true,"href":"https:\/\/baruerieventos.com.br\/site\/wp-json\/wp\/v2\/tags?post=4402"},{"taxonomy":"tribe_events_cat","embeddable":true,"href":"https:\/\/baruerieventos.com.br\/site\/wp-json\/wp\/v2\/tribe_events_cat?post=4402"}],"curies":[{"name":"wp","href":"https:\/\/api.w.org\/{rel}","templated":true}]}}