{"id":4439,"date":"2018-08-16T23:02:00","date_gmt":"2018-08-17T02:02:00","guid":{"rendered":"http:\/\/baruerieventos.com.br\/site\/?post_type=tribe_events&amp;p=4439"},"modified":"2018-08-16T23:02:00","modified_gmt":"2018-08-17T02:02:00","slug":"semana-da-juventude-em-barueri","status":"publish","type":"tribe_events","link":"https:\/\/baruerieventos.com.br\/site\/event\/semana-da-juventude-em-barueri\/","title":{"rendered":"Semana da Juventude em Barueri"},"content":{"rendered":"<p>A Semana da Juventude, em Barueri acontece entre os dias 13 e 19 de agosto e a programa\u00e7\u00e3o est\u00e1 repleta de a\u00e7\u00f5es que abrem oportunidades para os jovens mostrarem seus talentos em mostras e oficinas.<\/p>\n<p>A semana acontece nas bibliotecas da Secretaria de Cultura e Turismo, no estacionamento do gin\u00e1sio Jos\u00e9 Corr\u00eaa, no Centro Comunit\u00e1rio Jaragu\u00e1 no Parque Imperial e no Parque Municipal, onde ser\u00e1 encerrada com o show do rapper e compositor Projota no dia 19 de agosto \u00e0s 15h.<br \/>\nHaver\u00e1 mostras culturais, batalha de rimas, roda de capoeira, grafite, skate, street ball, al\u00e9m de oficinas em parceria com ONGS da cidade. No s\u00e1bado dia 18, ser\u00e1 realizada no Parque Municipal a palestra do projeto &#8220;Inspire Algu\u00e9m Hoje&#8221;, que tem o objetivo de chamar a aten\u00e7\u00e3o e conscientizar os jovens sobre os valores que realmente importam e levam sentido \u00e0 vida!<br \/>\nConfira a vida e participe!<\/p>\n<p>&nbsp;<\/p>\n<p>&nbsp;<\/p>\n","protected":false},"excerpt":{"rendered":"<p>A Semana da Juventude, em Barueri acontece entre os dias 13 e 19 de agosto e a programa\u00e7\u00e3o est\u00e1 repleta de a\u00e7\u00f5es que abrem oportunidades para os jovens mostrarem seus [&hellip;]<\/p>\n","protected":false},"author":2,"featured_media":4440,"template":"","meta":{"_tribe_events_status":"","_tribe_events_status_reason":"","footnotes":""},"tags":[340,934,3204,3495,4366,5518,5795,5989,6064],"tribe_events_cat":[],"class_list":["post-4439","tribe_events","type-tribe_events","status-publish","has-post-thumbnail","hentry","tag-alem-de-oficinas-em-parceria-com-ongs-da-cidade","tag-batalha-de-rimas","tag-grafite","tag-inspire-alguem-hoje","tag-mostras-culturais","tag-roda-de-capoeira","tag-semana-da-juventude","tag-skate","tag-street-ball"],"_links":{"self":[{"href":"https:\/\/baruerieventos.com.br\/site\/wp-json\/wp\/v2\/tribe_events\/4439","targetHints":{"allow":["GET"]}}],"collection":[{"href":"https:\/\/baruerieventos.com.br\/site\/wp-json\/wp\/v2\/tribe_events"}],"about":[{"href":"https:\/\/baruerieventos.com.br\/site\/wp-json\/wp\/v2\/types\/tribe_events"}],"author":[{"embeddable":true,"href":"https:\/\/baruerieventos.com.br\/site\/wp-json\/wp\/v2\/users\/2"}],"version-history":[{"count":0,"href":"https:\/\/baruerieventos.com.br\/site\/wp-json\/wp\/v2\/tribe_events\/4439\/revisions"}],"wp:featuredmedia":[{"embeddable":true,"href":"https:\/\/baruerieventos.com.br\/site\/wp-json\/"}],"wp:attachment":[{"href":"https:\/\/baruerieventos.com.br\/site\/wp-json\/wp\/v2\/media?parent=4439"}],"wp:term":[{"taxonomy":"post_tag","embeddable":true,"href":"https:\/\/baruerieventos.com.br\/site\/wp-json\/wp\/v2\/tags?post=4439"},{"taxonomy":"tribe_events_cat","embeddable":true,"href":"https:\/\/baruerieventos.com.br\/site\/wp-json\/wp\/v2\/tribe_events_cat?post=4439"}],"curies":[{"name":"wp","href":"https:\/\/api.w.org\/{rel}","templated":true}]}}