{"id":4493,"date":"2018-09-13T21:44:23","date_gmt":"2018-09-14T00:44:23","guid":{"rendered":"http:\/\/baruerieventos.com.br\/site\/?post_type=tribe_events&amp;p=4493"},"modified":"2018-09-13T21:44:23","modified_gmt":"2018-09-14T00:44:23","slug":"inauguracao-do-denario-bar-gastronomia","status":"publish","type":"tribe_events","link":"https:\/\/baruerieventos.com.br\/site\/event\/inauguracao-do-denario-bar-gastronomia\/","title":{"rendered":"Inaugura\u00e7\u00e3o do Den\u00e1rio Bar &#038; Gastronomia"},"content":{"rendered":"<p style=\"font-weight: 400;\"><strong>Bandas e m\u00fasicos do cen\u00e1rio paulistano est\u00e3o na programa\u00e7\u00e3o do Den\u00e1rio Bar &amp; Gastronomia<\/strong><\/p>\n<p style=\"font-weight: 400;\"><em>Casa re\u00fane m\u00fasica ao vivo de quinta a s\u00e1bado<\/em><\/p>\n<p style=\"font-weight: 400;\">Moradores e a popula\u00e7\u00e3o circulante de Alphaville ganharam uma op\u00e7\u00e3o in\u00e9dita de entretenimento com o <strong>Den\u00e1rio Bar &amp; Gastronomia<\/strong>, que abre as portas no dia 14 de setembro, na esquina mais famosa de Alphaville, entre as Alamedas Rio Negro e a Mamor\u00e9. (Antigo local do Almanara)<\/p>\n<p style=\"font-weight: 400;\">A casa, al\u00e9m dos drinks e da gastronomia diversificada, traz uma programa\u00e7\u00e3o musical, de quinta a s\u00e1bado, com bandas e artistas que fazem sucesso nos principais bares de S\u00e3o Paulo com g\u00eaneros rock pop, rock cl\u00e1ssico, jazz e blues.<\/p>\n<p style=\"font-weight: 400;\"><strong><a href=\"\/site\/denario\">Nossa Equipe este na pr\u00e9-Inaugura\u00e7\u00e3o e traz mais informa\u00e7\u00f5es.<\/a>\u00a0<\/strong><\/p>\n<p style=\"font-weight: 400;\"><strong>Acompanhe as apresenta\u00e7\u00f5es do pr\u00f3ximo final de semana<\/strong><\/p>\n<p style=\"font-weight: 400;\">Para o happy hour de quinta-feira, 20\/09, a atra\u00e7\u00e3o ser\u00e1 o cantor\u00a0<strong>Claudio Merlin<\/strong>, artista mineiro que vive em S\u00e3o Paulo h\u00e1 25 anos e tem no rock a sua principal vertente musical. Seu repert\u00f3rio \u00e9 composto por cl\u00e1ssicos internacionais e nacionais com interpreta\u00e7\u00f5es pessoais carregadas de emo\u00e7\u00e3o e criatividade no estilo &#8220;one man show&#8221;, em que faz uma performance com v\u00e1rias vozes, viol\u00f5es e ritmos.<\/p>\n<p style=\"font-weight: 400;\">J\u00e1 para a sexta-feira, 21\/09, o som fica por conta da banda\u00a0<strong>Holofotes<\/strong>\u00a0que se destaca no cen\u00e1rio musical com um show atemporal de rock\u2019n\u2019roll e uma pegada aut\u00eantica tanto em suas faixas autorais, quanto em vers\u00f5es cover.<\/p>\n<p style=\"font-weight: 400;\">No s\u00e1bado, 22, o\u00a0<strong>DJ Igor Ci<\/strong>\u00a0comanda a pick-up tocando o melhor do estilo House Music, com seus remixes de m\u00fasicas famosas e autorais. A noite tamb\u00e9m ter\u00e1 a apresenta\u00e7\u00e3o do saxofonista Paulo Pacheco.<\/p>\n<p style=\"font-weight: 400;\"><strong>CARD\u00c1PIO EXCLUSIVO E HOR\u00c1RIO ESTENDIDO<\/strong><\/p>\n<p style=\"font-weight: 400;\">Al\u00e9m da intensa programa\u00e7\u00e3o musical, o Den\u00e1rio Bar &amp; Gastronomia atrai o p\u00fablico da regi\u00e3o com um card\u00e1pio exclusivo de pratos e drinks a partir da hora do almo\u00e7o. Com a gastronomia assinada pelo <strong>chef Rodrigo Sette<\/strong>, o espa\u00e7o oferece op\u00e7\u00f5es para todos os paladares, incluindo canap\u00e9s, pratos gourmets, sandu\u00edches, saladas, e at\u00e9 sugest\u00f5es fitness e da culin\u00e1ria vegana. A carta de drinks fica por conta da bartender Adriana Pino, que \u00e9 uma das concorrentes ao World Class, em Berlim, representando Brasil. Entre as op\u00e7\u00f5es de bebidas est\u00e3o chopps artesanais, cervejas de v\u00e1rias nacionalidades, coquet\u00e9is j\u00e1 conhecidos e drinks autorais.<\/p>\n<p style=\"font-weight: 400;\">O hor\u00e1rio estendido de funcionamento da casa tamb\u00e9m \u00e9 um diferencial na regi\u00e3o, com abertura a partir das 11h para almo\u00e7o.<\/p>\n<p style=\"font-weight: 400;\">\u00a0<strong>Den\u00e1rio Bar &amp; Gastronomia<\/strong><\/p>\n<p style=\"font-weight: 400;\">Hor\u00e1rio de funcionamento:<\/p>\n<p style=\"font-weight: 400;\">Dias 14, 15 e 16: \u00c0s 16h<\/p>\n<p style=\"font-weight: 400;\">A partir do dia 17 de setembro: Abertura \u00e0s 11h<\/p>\n<p style=\"font-weight: 400;\">Happy Hour musical: De quinta a s\u00e1bado<\/p>\n<p style=\"font-weight: 400;\">Endere\u00e7o: Alameda Rio Negro, 1456<\/p>\n<p style=\"font-weight: 400;\">\u00a0<strong>Sobre o Den\u00e1rio Bar &amp; Gastronomia<\/strong><\/p>\n<p style=\"font-weight: 400;\">O Den\u00e1rio Bar &amp; Gastronomia foi concebido com uma identidade inspirada na Civiliza\u00e7\u00e3o Romana, que criou um Imp\u00e9rio e marcou a hist\u00f3ria da humanidade. Seu card\u00e1pio foge aos convencionais e traz pratos e canap\u00e9s gourmets, veganos e at\u00e9 fitness, com carta de drinks criativa e autoral, em um ambiente contempor\u00e2neo e despojado de bar. A decora\u00e7\u00e3o sofisticada da casa, que comp\u00f5e ambientes internos e externos, \u00e9 palco para uma programa\u00e7\u00e3o musical noturna seleta, em hor\u00e1rio estendido, tudo isso na mais privilegiada esquina do bairro nobre de Alphaville.<\/p>\n<p style=\"font-weight: 400;\">Com uma marca forte s\u00edmbolo de uma civiliza\u00e7\u00e3o que deixou importantes legados, o Den\u00e1rio Bar &amp; Gastronomia, prop\u00f5e em sua ess\u00eancia ser o espa\u00e7o ideal para proporcionar grandes encontros e memor\u00e1veis celebra\u00e7\u00f5es.<\/p>\n","protected":false},"excerpt":{"rendered":"<p>Bandas e m\u00fasicos do cen\u00e1rio paulistano est\u00e3o na programa\u00e7\u00e3o do Den\u00e1rio Bar &amp; Gastronomia Casa re\u00fane m\u00fasica ao vivo de quinta a s\u00e1bado Moradores e a popula\u00e7\u00e3o circulante de Alphaville [&hellip;]<\/p>\n","protected":false},"author":2,"featured_media":4494,"template":"","meta":{"_tribe_events_status":"","_tribe_events_status_reason":"","footnotes":""},"tags":[323,802,855,1244,1446,2016,2017,2018,2165,3113,3591,5186],"tribe_events_cat":[6744,6750,6756],"class_list":["post-4493","tribe_events","type-tribe_events","status-publish","has-post-thumbnail","hentry","tag-alamedas-rio-negro-e-a-mamore","tag-banda-holofotes","tag-bandas-e-musicos-do-cenario-paulistano","tag-cantor-claudio-merlin","tag-chef-rodrigo-sette","tag-denario-alphaville","tag-denario-bar","tag-denario-bar-gastronomia","tag-dj-igor-ci","tag-gastronomia-diversificada","tag-jazz-e-blues","tag-pratos-gourmets","tribe_events_cat-gastronomico","tribe_events_cat-musicais","tribe_events_cat-shows","cat_gastronomico","cat_musicais","cat_shows"],"_links":{"self":[{"href":"https:\/\/baruerieventos.com.br\/site\/wp-json\/wp\/v2\/tribe_events\/4493","targetHints":{"allow":["GET"]}}],"collection":[{"href":"https:\/\/baruerieventos.com.br\/site\/wp-json\/wp\/v2\/tribe_events"}],"about":[{"href":"https:\/\/baruerieventos.com.br\/site\/wp-json\/wp\/v2\/types\/tribe_events"}],"author":[{"embeddable":true,"href":"https:\/\/baruerieventos.com.br\/site\/wp-json\/wp\/v2\/users\/2"}],"version-history":[{"count":0,"href":"https:\/\/baruerieventos.com.br\/site\/wp-json\/wp\/v2\/tribe_events\/4493\/revisions"}],"wp:featuredmedia":[{"embeddable":true,"href":"https:\/\/baruerieventos.com.br\/site\/wp-json\/"}],"wp:attachment":[{"href":"https:\/\/baruerieventos.com.br\/site\/wp-json\/wp\/v2\/media?parent=4493"}],"wp:term":[{"taxonomy":"post_tag","embeddable":true,"href":"https:\/\/baruerieventos.com.br\/site\/wp-json\/wp\/v2\/tags?post=4493"},{"taxonomy":"tribe_events_cat","embeddable":true,"href":"https:\/\/baruerieventos.com.br\/site\/wp-json\/wp\/v2\/tribe_events_cat?post=4493"}],"curies":[{"name":"wp","href":"https:\/\/api.w.org\/{rel}","templated":true}]}}