{"id":4549,"date":"2018-10-05T22:53:37","date_gmt":"2018-10-06T01:53:37","guid":{"rendered":"http:\/\/baruerieventos.com.br\/site\/?post_type=tribe_events&amp;p=4549"},"modified":"2018-10-05T22:53:37","modified_gmt":"2018-10-06T01:53:37","slug":"semana-do-empreendedor-em-barueri","status":"publish","type":"tribe_events","link":"https:\/\/baruerieventos.com.br\/site\/event\/semana-do-empreendedor-em-barueri\/","title":{"rendered":"Semana do Empreendedor em Barueri"},"content":{"rendered":"<p align=\"center\"><b>De 15 a 19 de outubro acontece a Semana do Empreendedor em Barueri<\/b><\/p>\n<p>No m\u00eas de outubro, do dia 15 ao 19, o Sebrae Aqui \u2013 Barueri, ligado \u00e0 Secretaria de Ind\u00fastria, Com\u00e9rcio e Trabalho (SICT), ir\u00e1 promover a Semana do Empreendedor 2018.<\/p>\n<p>Totalmente gratuita, a programa\u00e7\u00e3o inclui diversas oficinas que t\u00eam o objetivo de ampliar e aprimorar ainda mais a atua\u00e7\u00e3o dos empreendedores do munic\u00edpio. Comportamento para inova\u00e7\u00e3o, empreendedorismo feminino, planejamento e a\u00e7\u00e3o, alavancagem de neg\u00f3cio e presen\u00e7a digital s\u00e3o os temas norteadores da Semana, dirigidos a diferentes segmentos empresariais.<\/p>\n<p>As oficinas ser\u00e3o transmitidas via YouTube em local fixo e hor\u00e1rios previamente agendados. Para participar \u00e9 preciso se inscrever. A transmiss\u00e3o ser\u00e1 no audit\u00f3rio da Secretaria de Assist\u00eancia e Desenvolvimento Social (SADS), localizada na Av. Vinte e Seis de Mar\u00e7o, 1159 \u2013 Centro.<\/p>\n<p>A inscri\u00e7\u00e3o deve ser feita no posto do Sebrae Aqui \u2013 Barueri, que fica no Setor Amarelo do Ganha Tempo Municipal (Av. Henriqueta Mendes Guerra, 550 \u2013 Centro) ou pelo telefone (11) 4199-1333 \/ Ramal 303.<\/p>\n<p>Confira, abaixo, a programa\u00e7\u00e3o completa:<\/p>\n<table border=\"1\" cellspacing=\"0\" cellpadding=\"0\">\n<tbody>\n<tr>\n<td valign=\"top\" width=\"102\">\n<p align=\"center\"><b>DATA<\/b><\/p>\n<\/td>\n<td valign=\"top\" width=\"331\">\n<p align=\"center\"><b>TEMAS<\/b><\/p>\n<\/td>\n<td valign=\"top\" width=\"144\">\n<p align=\"center\"><b>HOR\u00c1RIOS<\/b><\/p>\n<\/td>\n<\/tr>\n<tr>\n<td valign=\"top\" width=\"102\">\n<p align=\"center\">15\/10<\/p>\n<\/td>\n<td valign=\"top\" width=\"331\">\n<p align=\"center\"><b>COMPORTAMENTO PARA INOVA\u00c7\u00c3O<\/b><\/p>\n<p><b>Manh\u00e3:<\/b> O futuro dos neg\u00f3cios<\/p>\n<p><b>Tarde:<\/b> Setor beleza<\/td>\n<td valign=\"bottom\" width=\"144\">\n<p align=\"center\">09h30 \u00e0s 11h 15h30 \u00e0s 17h<\/p>\n<\/td>\n<\/tr>\n<tr>\n<td valign=\"top\" width=\"102\">\n<p align=\"center\">16\/10<\/p>\n<\/td>\n<td valign=\"top\" width=\"331\">\n<p align=\"center\"><b>EMPREENDEDORISMO FEMININO<\/b><\/p>\n<p><b>Manh\u00e3:<\/b> Conquistando seu espa\u00e7o<\/p>\n<p><b>Tarde:<\/b> Tarde: Setor alimenta\u00e7\u00e3o<\/td>\n<td valign=\"top\" width=\"144\">\n<p align=\"center\">09h30 \u00e0s 11h 15h30 \u00e0s 17h<\/p>\n<\/td>\n<\/tr>\n<tr>\n<td valign=\"top\" width=\"102\">\n<p align=\"center\">17\/10<\/p>\n<\/td>\n<td valign=\"top\" width=\"331\">\n<p align=\"center\"><b>PLANEJAMENTO E A\u00c7\u00c3O<\/b><\/p>\n<p><b>Manh\u00e3:<\/b> Rela\u00e7\u00e3o saud\u00e1vel com o dinheiro<\/p>\n<p><b>Tarde:<\/b> Setor artesanato<\/td>\n<td valign=\"top\" width=\"144\">\n<p align=\"center\">09h30 \u00e0s 11h 15h30 \u00e0s 17h<\/p>\n<\/td>\n<\/tr>\n<tr>\n<td valign=\"top\" width=\"102\">\n<p align=\"center\">18\/10<\/p>\n<\/td>\n<td valign=\"top\" width=\"331\">\n<p align=\"center\"><b>ALAVANQUE SEU NEG\u00d3CIO<\/b><\/p>\n<p><b>Manh\u00e3:<\/b> Acelerando suas vendas<\/p>\n<p><b>Tarde:<\/b> Setor vestu\u00e1rio<\/td>\n<td valign=\"top\" width=\"144\">\n<p align=\"center\">09h30 \u00e0s 11h 15h30 \u00e0s 17h<\/p>\n<\/td>\n<\/tr>\n<tr>\n<td valign=\"top\" width=\"102\">\n<p align=\"center\">19\/10<\/p>\n<\/td>\n<td valign=\"top\" width=\"331\">\n<p align=\"center\"><b>PRESEN\u00c7A DIGITAL<\/b><\/p>\n<p><b>Manh\u00e3:<\/b> Impulsione suas vendas com Marketing digital<\/td>\n<td valign=\"top\" width=\"144\">\n<p align=\"center\">09h30 \u00e0s 11h<\/p>\n<p align=\"center\">\n<\/td>\n<\/tr>\n<\/tbody>\n<\/table>\n","protected":false},"excerpt":{"rendered":"<p>De 15 a 19 de outubro acontece a Semana do Empreendedor em Barueri No m\u00eas de outubro, do dia 15 ao 19, o Sebrae Aqui \u2013 Barueri, ligado \u00e0 Secretaria [&hellip;]<\/p>\n","protected":false},"author":2,"featured_media":4550,"template":"","meta":{"_tribe_events_status":"","_tribe_events_status_reason":"","footnotes":""},"tags":[2149,5720,5732,5801],"tribe_events_cat":[6741,6752,6755],"class_list":["post-4549","tribe_events","type-tribe_events","status-publish","has-post-thumbnail","hentry","tag-diversas-oficinas","tag-sebrae-aqui","tag-secretaria-de-assistencia-e-desenvolvimento-social-sads","tag-semana-do-empreendedor-em-barueri","tribe_events_cat-evento-gratuito","tribe_events_cat-palestras","tribe_events_cat-seminarios-e-congressos","cat_evento-gratuito","cat_palestras","cat_seminarios-e-congressos"],"_links":{"self":[{"href":"https:\/\/baruerieventos.com.br\/site\/wp-json\/wp\/v2\/tribe_events\/4549","targetHints":{"allow":["GET"]}}],"collection":[{"href":"https:\/\/baruerieventos.com.br\/site\/wp-json\/wp\/v2\/tribe_events"}],"about":[{"href":"https:\/\/baruerieventos.com.br\/site\/wp-json\/wp\/v2\/types\/tribe_events"}],"author":[{"embeddable":true,"href":"https:\/\/baruerieventos.com.br\/site\/wp-json\/wp\/v2\/users\/2"}],"version-history":[{"count":0,"href":"https:\/\/baruerieventos.com.br\/site\/wp-json\/wp\/v2\/tribe_events\/4549\/revisions"}],"wp:featuredmedia":[{"embeddable":true,"href":"https:\/\/baruerieventos.com.br\/site\/wp-json\/"}],"wp:attachment":[{"href":"https:\/\/baruerieventos.com.br\/site\/wp-json\/wp\/v2\/media?parent=4549"}],"wp:term":[{"taxonomy":"post_tag","embeddable":true,"href":"https:\/\/baruerieventos.com.br\/site\/wp-json\/wp\/v2\/tags?post=4549"},{"taxonomy":"tribe_events_cat","embeddable":true,"href":"https:\/\/baruerieventos.com.br\/site\/wp-json\/wp\/v2\/tribe_events_cat?post=4549"}],"curies":[{"name":"wp","href":"https:\/\/api.w.org\/{rel}","templated":true}]}}