{"id":4675,"date":"2018-11-14T15:42:34","date_gmt":"2018-11-14T17:42:34","guid":{"rendered":"http:\/\/baruerieventos.com.br\/site\/?post_type=tribe_events&amp;p=4675"},"modified":"2018-11-14T15:42:34","modified_gmt":"2018-11-14T17:42:34","slug":"festa-da-cultura-brasileira-no-parque-municipal","status":"publish","type":"tribe_events","link":"https:\/\/baruerieventos.com.br\/site\/event\/festa-da-cultura-brasileira-no-parque-municipal\/","title":{"rendered":"Festa da Cultura Brasileira no Parque Municipal"},"content":{"rendered":"<p class=\"m_-1329744712096042081Paragraph m_-1329744712096042081SCXW79263042\"><span class=\"m_-1329744712096042081TextRun m_-1329744712096042081SCXW79263042\" lang=\"PT-BR\">A riqueza da cultura\u00a0<\/span><span class=\"m_-1329744712096042081TextRun m_-1329744712096042081SCXW79263042\" lang=\"PT-BR\">popular da nossa terra estar\u00e1 presente\u00a0<\/span><span class=\"m_-1329744712096042081TextRun m_-1329744712096042081SCXW79263042\" lang=\"PT-BR\">em grande estilo em Barueri<\/span><span class=\"m_-1329744712096042081TextRun m_-1329744712096042081SCXW79263042\" lang=\"PT-BR\">\u00a0na Festa da Cultura Brasileira<\/span><span class=\"m_-1329744712096042081TextRun m_-1329744712096042081SCXW79263042\" lang=\"PT-BR\">,\u00a0<\/span><span class=\"m_-1329744712096042081TextRun m_-1329744712096042081SCXW79263042\" lang=\"PT-BR\">nos pr\u00f3ximos dias 24 e 25 de novembro. M\u00fasica,\u00a0<\/span><span class=\"m_-1329744712096042081TextRun m_-1329744712096042081SCXW79263042\" lang=\"PT-BR\">culin\u00e1ria<\/span><span class=\"m_-1329744712096042081TextRun m_-1329744712096042081SCXW79263042\" lang=\"PT-BR\">, folclore, artesanato e uma variedade de manifesta\u00e7\u00f5es\u00a0<\/span><span class=\"m_-1329744712096042081TextRun m_-1329744712096042081SCXW79263042\" lang=\"PT-BR\">art\u00edsticas poder<\/span><span class=\"m_-1329744712096042081TextRun m_-1329744712096042081SCXW79263042\" lang=\"PT-BR\">\u00e3o\u00a0<\/span><span class=\"m_-1329744712096042081TextRun m_-1329744712096042081SCXW79263042\" lang=\"PT-BR\">ser c<\/span><span class=\"m_-1329744712096042081TextRun m_-1329744712096042081SCXW79263042\" lang=\"PT-BR\">onferid<\/span><span class=\"m_-1329744712096042081TextRun m_-1329744712096042081SCXW79263042\" lang=\"PT-BR\">os<\/span><span class=\"m_-1329744712096042081TextRun m_-1329744712096042081SCXW79263042\" lang=\"PT-BR\">\u00a0no Parque Municipal Dom Jos\u00e9, a partir das 10h.<\/span><span class=\"m_-1329744712096042081TextRun m_-1329744712096042081SCXW79263042\" lang=\"PT-BR\">\u00a0<\/span><span class=\"m_-1329744712096042081EOP m_-1329744712096042081SCXW79263042\">\u00a0<\/span><\/p>\n<div class=\"m_-1329744712096042081OutlineElement m_-1329744712096042081Ltr m_-1329744712096042081SCXW79263042\">\n<p class=\"m_-1329744712096042081Paragraph m_-1329744712096042081SCXW79263042\"><span class=\"m_-1329744712096042081EOP m_-1329744712096042081SCXW79263042\">\u00a0<\/span><span class=\"m_-1329744712096042081TextRun m_-1329744712096042081SCXW79263042\" lang=\"PT-BR\">Na sext<\/span><span class=\"m_-1329744712096042081TextRun m_-1329744712096042081SCXW79263042\" lang=\"PT-BR\">a-feira (<\/span><span class=\"m_-1329744712096042081TextRun m_-1329744712096042081SCXW79263042\" lang=\"PT-BR\">dia 23<\/span><span class=\"m_-1329744712096042081TextRun m_-1329744712096042081SCXW79263042\" lang=\"PT-BR\">)<\/span><span class=\"m_-1329744712096042081TextRun m_-1329744712096042081SCXW79263042\" lang=\"PT-BR\">, o artista\u00a0<\/span><span class=\"m_-1329744712096042081TextRun m_-1329744712096042081SCXW79263042\" lang=\"PT-BR\"><span class=\"m_-1329744712096042081SpellingError m_-1329744712096042081SCXW79263042\">Antonio<\/span><\/span><span class=\"m_-1329744712096042081TextRun m_-1329744712096042081SCXW79263042\" lang=\"PT-BR\">\u00a0N\u00f3brega abre oficialmente o evento com a palestra \u201cA cultura popular e a educa\u00e7\u00e3o\u201d, \u00e0s 19h. Junto com ele, a secret\u00e1ria-adjunta de Cultura do Estado de S\u00e3o Paulo, Patr\u00edcia Penna, fala sobre \u201cEconomia Criativa\u201d.<\/span><span class=\"m_-1329744712096042081EOP m_-1329744712096042081SCXW79263042\">\u00a0<\/span><\/p>\n<\/div>\n<div class=\"m_-1329744712096042081OutlineElement m_-1329744712096042081Ltr m_-1329744712096042081SCXW79263042\">\n<p class=\"m_-1329744712096042081Paragraph m_-1329744712096042081SCXW79263042\"><span class=\"m_-1329744712096042081EOP m_-1329744712096042081SCXW79263042\">\u00a0<\/span><span class=\"m_-1329744712096042081TextRun m_-1329744712096042081SCXW79263042\" lang=\"PT-BR\">A Festa da Cultura Brasileira promovida pela Secretaria de Cultura e Turismo de Barueri ser\u00e1 composta pelas mais aut\u00eanticas express\u00f5es do pa\u00eds. De acordo com o secret\u00e1rio Jean Gaspar, trata-se de uma programa\u00e7\u00e3o em que a verdadeira cultura brasileira, atrav\u00e9s do seu folclore, tradi\u00e7\u00f5es e cultura popular, ter\u00e1 voz e vez nos dias de apresenta\u00e7\u00f5es.<\/span><span class=\"m_-1329744712096042081EOP m_-1329744712096042081SCXW79263042\">\u00a0<\/span><\/p>\n<\/div>\n<div class=\"m_-1329744712096042081OutlineElement m_-1329744712096042081Ltr m_-1329744712096042081SCXW79263042\">\n<p class=\"m_-1329744712096042081Paragraph m_-1329744712096042081SCXW79263042\"><span class=\"m_-1329744712096042081EOP m_-1329744712096042081SCXW79263042\">\u00a0<\/span><span class=\"m_-1329744712096042081TextRun m_-1329744712096042081SCXW79263042\" lang=\"PT-BR\">Al\u00e9m da palestra no dia 23,\u00a0<\/span><span class=\"m_-1329744712096042081TextRun m_-1329744712096042081SCXW79263042\" lang=\"PT-BR\">o artista\u00a0<\/span><span class=\"m_-1329744712096042081TextRun m_-1329744712096042081SCXW79263042\" lang=\"PT-BR\"><span class=\"m_-1329744712096042081SpellingError m_-1329744712096042081SCXW79263042\">Antonio<\/span><\/span><span class=\"m_-1329744712096042081TextRun m_-1329744712096042081SCXW79263042\" lang=\"PT-BR\">\u00a0N\u00f3brega far\u00e1 um<\/span><span class=\"m_-1329744712096042081TextRun m_-1329744712096042081SCXW79263042\" lang=\"PT-BR\">\u00a0grande show no dia 24, \u00e0s 19h. Nobrega domina o palco como ningu\u00e9m, sua\u00a0<\/span><span class=\"m_-1329744712096042081TextRun m_-1329744712096042081SCXW79263042\" lang=\"PT-BR\">performance<\/span><span class=\"m_-1329744712096042081TextRun m_-1329744712096042081SCXW79263042\" lang=\"PT-BR\">\u00a0inclui dan\u00e7a, m\u00fasica,\u00a0<\/span><span class=\"m_-1329744712096042081TextRun m_-1329744712096042081SCXW79263042\" lang=\"PT-BR\">teatro<\/span><span class=\"m_-1329744712096042081TextRun m_-1329744712096042081SCXW79263042\" lang=\"PT-BR\">\u00a0e outras representa\u00e7\u00f5es populares<\/span><span class=\"m_-1329744712096042081TextRun m_-1329744712096042081SCXW79263042\" lang=\"PT-BR\">. O espet\u00e1culo traduz<\/span><span class=\"m_-1329744712096042081TextRun m_-1329744712096042081SCXW79263042\" lang=\"PT-BR\">\u00a0toda a potencialidade da cultura<\/span><span class=\"m_-1329744712096042081TextRun m_-1329744712096042081SCXW79263042\" lang=\"PT-BR\">\u00a0do pa\u00eds<\/span><span class=\"m_-1329744712096042081TextRun m_-1329744712096042081SCXW79263042\" lang=\"PT-BR\">.<\/span><span class=\"m_-1329744712096042081TextRun m_-1329744712096042081SCXW79263042\" lang=\"PT-BR\">\u00a0<\/span><span class=\"m_-1329744712096042081TextRun m_-1329744712096042081SCXW79263042\" lang=\"PT-BR\">&#8220;Nesse encontro procuro mostrar como a pr\u00e1tica das representa\u00e7\u00f5es simb\u00f3licas do mundo popular \u2013 passos de dan\u00e7a, formas estr\u00f3ficas, c\u00e9lulas r\u00edtmicas,\u00a0<\/span><span class=\"m_-1329744712096042081TextRun m_-1329744712096042081SCXW79263042\" lang=\"PT-BR\"><span class=\"m_-1329744712096042081SpellingError m_-1329744712096042081SCXW79263042\">etc<\/span><\/span><span class=\"m_-1329744712096042081TextRun m_-1329744712096042081SCXW79263042\" lang=\"PT-BR\">\u00a0\u2013 podem fornecer t\u00e1ticas para o desenvolvimento e aprimoramento da habilidade cognitiva<\/span><span class=\"m_-1329744712096042081TextRun m_-1329744712096042081SCXW79263042\" lang=\"PT-BR\">\u201d, define N\u00f3brega.<\/span><span class=\"m_-1329744712096042081EOP m_-1329744712096042081SCXW79263042\">\u00a0<\/span><\/p>\n<\/div>\n<div class=\"m_-1329744712096042081OutlineElement m_-1329744712096042081Ltr m_-1329744712096042081SCXW79263042\">\n<p class=\"m_-1329744712096042081Paragraph m_-1329744712096042081SCXW79263042\"><span class=\"m_-1329744712096042081TextRun m_-1329744712096042081SCXW79263042\" lang=\"PT-BR\">\u00a0<\/span><span class=\"m_-1329744712096042081EOP m_-1329744712096042081SCXW79263042\">\u00a0<\/span><span class=\"m_-1329744712096042081TextRun m_-1329744712096042081SCXW79263042\" lang=\"PT-BR\">Na\u00a0<\/span><span class=\"m_-1329744712096042081TextRun m_-1329744712096042081SCXW79263042\" lang=\"PT-BR\">Festa tamb\u00e9m\u00a0<\/span><span class=\"m_-1329744712096042081TextRun m_-1329744712096042081SCXW79263042\" lang=\"PT-BR\">haver\u00e1 destaque para\u00a0<\/span><span class=\"m_-1329744712096042081TextRun m_-1329744712096042081SCXW79263042\" lang=\"PT-BR\">comidas t\u00edpicas<\/span><span class=\"m_-1329744712096042081TextRun m_-1329744712096042081SCXW79263042\" lang=\"PT-BR\">,\u00a0<\/span><span class=\"m_-1329744712096042081TextRun m_-1329744712096042081SCXW79263042\" lang=\"PT-BR\">artesanatos\u00a0<\/span><span class=\"m_-1329744712096042081TextRun m_-1329744712096042081SCXW79263042\" lang=\"PT-BR\">e m\u00fasica\u00a0<\/span><span class=\"m_-1329744712096042081TextRun m_-1329744712096042081SCXW79263042\" lang=\"PT-BR\">das cinco regi\u00f5es do Brasil<\/span><span class=\"m_-1329744712096042081TextRun m_-1329744712096042081SCXW79263042\" lang=\"PT-BR\">,<\/span><span class=\"m_-1329744712096042081TextRun m_-1329744712096042081SCXW79263042\" lang=\"PT-BR\">\u00a0envolvendo viola caipira, roda de samba,\u00a0<\/span><span class=\"m_-1329744712096042081TextRun m_-1329744712096042081SCXW79263042\" lang=\"PT-BR\">umbigada<\/span><span class=\"m_-1329744712096042081TextRun m_-1329744712096042081SCXW79263042\" lang=\"PT-BR\">\u00a0e<\/span><span class=\"m_-1329744712096042081TextRun m_-1329744712096042081SCXW79263042\" lang=\"PT-BR\">\u00a0reisado<\/span><span class=\"m_-1329744712096042081TextRun m_-1329744712096042081SCXW79263042\" lang=\"PT-BR\">.\u00a0<\/span><span class=\"m_-1329744712096042081TextRun m_-1329744712096042081SCXW79263042\" lang=\"PT-BR\">Ten<wbr \/>das com c<\/span><span class=\"m_-1329744712096042081TextRun m_-1329744712096042081SCXW79263042\" lang=\"PT-BR\">omida\u00a0<\/span><span class=\"m_-1329744712096042081TextRun m_-1329744712096042081SCXW79263042\" lang=\"PT-BR\"><span class=\"m_-1329744712096042081SpellingError m_-1329744712096042081SCXW79263042\">tropeira<\/span><\/span><span class=\"m_-1329744712096042081TextRun m_-1329744712096042081SCXW79263042\" lang=\"PT-BR\">, acaraj\u00e9, caldo de sururu, tucupi<\/span><span class=\"m_-1329744712096042081TextRun m_-1329744712096042081SCXW79263042\" lang=\"PT-BR\">, caruru, comida do lobisomem, chope artesanal, cacha\u00e7as e vinhos estar\u00e3o \u00e0 disposi\u00e7\u00e3o do p\u00fablico. Ainda como parte do evento, o<\/span><span class=\"m_-1329744712096042081TextRun m_-1329744712096042081SCXW79263042\" lang=\"PT-BR\">s alunos das Oficinas de Dan\u00e7a de Barueri apresentar\u00e3o\u00a0<\/span><span class=\"m_-1329744712096042081TextRun m_-1329744712096042081SCXW79263042\" lang=\"PT-BR\">\u201c<\/span><span class=\"m_-1329744712096042081TextRun m_-1329744712096042081SCXW79263042\" lang=\"PT-BR\"><span class=\"m_-1329744712096042081NormalTextRun m_-1329744712096042081SCXW79263042\">Dan\u00e7as Brasileiras<\/span><span class=\"m_-1329744712096042081ContextualSpellingAndGrammarError m_-1329744712096042081SCXW79263042\">\u201d,<\/span><\/span><span class=\"m_-1329744712096042081TextRun m_-1329744712096042081SCXW79263042\" lang=\"PT-BR\"><span class=\"m_-1329744712096042081ContextualSpellingAndGrammarError m_-1329744712096042081SCXW79263042\">\u00a0\u00a0<\/span><\/span><span class=\"m_-1329744712096042081TextRun m_-1329744712096042081SCXW79263042\" lang=\"PT-BR\"><span class=\"m_-1329744712096042081ContextualSpellingAndGrammarError m_-1329744712096042081SCXW79263042\">al\u00e9m<\/span><span class=\"m_-1329744712096042081NormalTextRun m_-1329744712096042081SCXW79263042\">\u00a0do\u00a0<\/span><\/span><span class=\"m_-1329744712096042081TextRun m_-1329744712096042081SCXW79263042\" lang=\"PT-BR\">grupo de choro, do N\u00facleo da M\u00fasica.<\/span><span class=\"m_-1329744712096042081EOP m_-1329744712096042081SCXW79263042\">\u00a0<\/span><\/p>\n<p class=\"m_-1329744712096042081Paragraph m_-1329744712096042081SCXW79263042\"><img loading=\"lazy\" decoding=\"async\" class=\"alignleft wp-image-4676\" src=\"https:\/\/baruerieventos.com.br\/site\/wp-content\/uploads\/2018\/11\/Lira-dos-Autos-2-300x225.jpg\" alt=\"\" width=\"436\" height=\"327\" \/><\/p>\n<p class=\"m_-1329744712096042081Paragraph m_-1329744712096042081SCXW79263042\">Entrada Franca.<\/p>\n<p class=\"m_-1329744712096042081Paragraph m_-1329744712096042081SCXW79263042\">Informa\u00e7\u00f5es:<\/p>\n<p class=\"m_-1329744712096042081Paragraph m_-1329744712096042081SCXW79263042\">Fone: (11) 4199-1600 E-mail: cultura@barueri.sp.gov.br<\/p>\n<\/div>\n<div class=\"m_-1329744712096042081OutlineElement m_-1329744712096042081Ltr m_-1329744712096042081SCXW79263042\"><\/div>\n","protected":false},"excerpt":{"rendered":"<p>A riqueza da cultura\u00a0popular da nossa terra estar\u00e1 presente\u00a0em grande estilo em Barueri\u00a0na Festa da Cultura Brasileira,\u00a0nos pr\u00f3ximos dias 24 e 25 de novembro. M\u00fasica,\u00a0culin\u00e1ria, folclore, artesanato e uma variedade [&hellip;]<\/p>\n","protected":false},"author":2,"featured_media":4677,"template":"","meta":{"_tribe_events_status":"","_tribe_events_status_reason":"","footnotes":""},"tags":[516,606,1647,2273,2824,4427,4922,5519,6399,6524],"tribe_events_cat":[6729,6738,6741,6742,6743,6744,6750,6752],"class_list":["post-4675","tribe_events","type-tribe_events","status-publish","has-post-thumbnail","hentry","tag-antonio-nobrega","tag-artesanatos","tag-comidas-tipicas","tag-economia-criativa","tag-festa-da-cultura-brasileira","tag-musica-das-cinco-regioes-do-brasil","tag-patricia-penna","tag-roda-de-samba","tag-umbigada","tag-viola-caipira","tribe_events_cat-arte","tribe_events_cat-culturais","tribe_events_cat-evento-gratuito","tribe_events_cat-feiras-e-exposicoes","tribe_events_cat-festival","tribe_events_cat-gastronomico","tribe_events_cat-musicais","tribe_events_cat-palestras","cat_arte","cat_culturais","cat_evento-gratuito","cat_feiras-e-exposicoes","cat_festival","cat_gastronomico","cat_musicais","cat_palestras"],"_links":{"self":[{"href":"https:\/\/baruerieventos.com.br\/site\/wp-json\/wp\/v2\/tribe_events\/4675","targetHints":{"allow":["GET"]}}],"collection":[{"href":"https:\/\/baruerieventos.com.br\/site\/wp-json\/wp\/v2\/tribe_events"}],"about":[{"href":"https:\/\/baruerieventos.com.br\/site\/wp-json\/wp\/v2\/types\/tribe_events"}],"author":[{"embeddable":true,"href":"https:\/\/baruerieventos.com.br\/site\/wp-json\/wp\/v2\/users\/2"}],"version-history":[{"count":0,"href":"https:\/\/baruerieventos.com.br\/site\/wp-json\/wp\/v2\/tribe_events\/4675\/revisions"}],"wp:featuredmedia":[{"embeddable":true,"href":"https:\/\/baruerieventos.com.br\/site\/wp-json\/"}],"wp:attachment":[{"href":"https:\/\/baruerieventos.com.br\/site\/wp-json\/wp\/v2\/media?parent=4675"}],"wp:term":[{"taxonomy":"post_tag","embeddable":true,"href":"https:\/\/baruerieventos.com.br\/site\/wp-json\/wp\/v2\/tags?post=4675"},{"taxonomy":"tribe_events_cat","embeddable":true,"href":"https:\/\/baruerieventos.com.br\/site\/wp-json\/wp\/v2\/tribe_events_cat?post=4675"}],"curies":[{"name":"wp","href":"https:\/\/api.w.org\/{rel}","templated":true}]}}