{"id":6460,"date":"2019-09-18T13:52:59","date_gmt":"2019-09-18T16:52:59","guid":{"rendered":"http:\/\/baruerieventos.com.br\/site\/?post_type=tribe_events&amp;p=6460"},"modified":"2019-09-18T13:52:59","modified_gmt":"2019-09-18T16:52:59","slug":"igaleria-recebe-exposicao-o-imaginario-de-vania-braga","status":"publish","type":"tribe_events","link":"https:\/\/baruerieventos.com.br\/site\/event\/igaleria-recebe-exposicao-o-imaginario-de-vania-braga\/","title":{"rendered":"iGaleria recebe exposi\u00e7\u00e3o \u201cO Imagin\u00e1rio\u201d, de V\u00e2nia Braga"},"content":{"rendered":"<p><strong>A mostra faz parte da s\u00e9rie Reminisc\u00eancias da Inf\u00e2ncia e conta com 15 obras em bronze<\/strong><\/p>\n<p>Entre os dias 19 de setembro e 5 de outubro, os\u00a0visitantes da iGaleria poder\u00e3o apreciar a exposi\u00e7\u00e3o \u201cO Imagin\u00e1rio\u201d, da artista pl\u00e1stica e escultora\u00a0brasileira, V\u00e2nia Braga. Da s\u00e9rie \u201cReminisc\u00eancias da Inf\u00e2ncia\u201d, a mostra que tem entrada franca,\u00a0conta com 15 obras em bronze, sendo tr\u00eas a\u00e9reas e duas em tamanho natural.<\/p>\n<p>Pela primeira vez em S\u00e3o Paulo com esta exposi\u00e7\u00e3o, V\u00e2nia fez um resgate de sua inf\u00e2ncia para<br \/>\nretratar em belas esculturas, brincadeiras de rua que marcaram \u00e9poca. \u201cS\u00e3o lembran\u00e7as que<br \/>\nsurgem do fundo da minha alma\u201d, conta. Com um toque bem personalizado, a artista evidencia a<br \/>\nalegria, a simplicidade e criatividade das crian\u00e7as em reproduzirem seus pr\u00f3prios brinquedos.<br \/>\nNas obras, os personagens vivem a magia de transformar peda\u00e7os de madeira e rolamentos<br \/>\nvelhos em um Carrinho de Rolim\u00e3, uma ponta de giz e uma pedrinha chata em uma Amarelinha,<br \/>\nde construir sua pr\u00f3pria Pipa e viajar com ela ao sabor do vento, vibrar com o rolar das Bolinhas<br \/>\nde Gude, do Pi\u00e3o, do Bambol\u00ea e da Ciranda. O Telefone de Latinha, Pular Corda, correr de<br \/>\nPatinete pelas cal\u00e7adas entre outras brincadeiras inocentes que se perderam no passado mas<br \/>\ncontinuam vivas nas lembran\u00e7as de quem presenciou essa gera\u00e7\u00e3o.<br \/>\nEm todas as brincadeiras reproduzidas com um leve toque de cor, resultado de uma fundi\u00e7\u00e3o<br \/>\nespecial do bronze, a alegria e intera\u00e7\u00e3o entre as crian\u00e7as \u00e9 evidente. Em uma das obras, a<br \/>\nartista prop\u00f5e uma reflex\u00e3o sobre a influ\u00eancia negativa dos eletr\u00f4nicos na inf\u00e2ncia da atualidade.<br \/>\nNa escultura, um menino e uma menina, de costas, jogam no celular sem conversar.<br \/>\nOs curadores da mostra, os empres\u00e1rios Cl\u00e1udia Paronetti e Luis Dealis, contam que a<br \/>\ninspira\u00e7\u00e3o para cada obra da s\u00e9rie \u00e9 muito pessoal e emocionou V\u00e2nia durante todo o processo.<br \/>\nFazendo um resgate \u00e0s suas mem\u00f3rias mais \u00edntimas, a artista descobriu sua aptid\u00e3o como<br \/>\nescultora na inf\u00e2ncia, quando brincava com barro em suas f\u00e9rias no interior. \u201cNo trabalho com o<br \/>\nbarro as m\u00e3os da artista s\u00e3o conduzidas naturalmente at\u00e9 que aos poucos cada pe\u00e7a vai<br \/>\nganhando forma\u201d, explica Cl\u00e1udia.<\/p>\n<p>\u201cEssa exposi\u00e7\u00e3o nos faz pensar sobre nossa caminhada, tudo que aprendemos e constru\u00edmos<br \/>\nao longo da jornada, que nos separa daqueles dias da inf\u00e2ncia at\u00e9 os tempos atuais\u201d, comenta<br \/>\nLuis. S\u00e3o lembran\u00e7as saudosas, agora, eternizadas em obras de arte.<\/p>\n<p><strong>TRAJET\u00d3RIA<\/strong><br \/>\nCom contato pr\u00f3ximo a arte desde crian\u00e7a, V\u00e2nia Braga foi criada junto aos muitos artistas que<br \/>\nfrequentavam o Atelier do seu pai, o pintor Alberto Braga. Sua obra ganhou reconhecimento em<br \/>\ntodo pa\u00eds e est\u00e1 em exposi\u00e7\u00e3o em grandes centros de visita\u00e7\u00e3o como a escultura \u201cMaternidade\u201d,<br \/>\nno Aeroporto Internacional de Belo Horizonte, e a obra de \u201cChico Xavier\u201d, em Pedro Leopoldo.<br \/>\nEncomendado pelo Governo de MG, o projeto \u201cEterna Modernidade\u201d, no complexo da Lagoa da<br \/>\nPampulha, retrata Juscelino Kubitschek, Candido Portinari, Burle Marx e Oscar Niemeyer, em<br \/>\ntamanho natural, produzidos por V\u00e2nia em parceria com o tamb\u00e9m escultor e artista pl\u00e1stico<br \/>\nmineiro Diego Rodrigues.<br \/>\nEm sua s\u00e9rie de felinos e animais da natureza, a mais conhecida entre o grande p\u00fablico, a arista<br \/>\nreproduz on\u00e7as, le\u00f5es, rinocerontes, hipop\u00f3tamos, gorilas e outros esculpidos em argila e<br \/>\ntransformados em bronze ou em resina. Sua impress\u00e3o est\u00e9tica clean, prioriza as linhas e<br \/>\nformas essenciais de cada animal em poses pl\u00e1sticas e imponentes que atraem o olhar.<\/p>\n<p><strong>SOBRE A IGALER!A<\/strong><br \/>\nAproximar o visitante do que h\u00e1 de mais m\u00e1gico na contempla\u00e7\u00e3o de uma obra de arte \u00e9 a<br \/>\nproposta da iGaler!a. Um espa\u00e7o que estimula nos visitantes o exerc\u00edcio da interpreta\u00e7\u00e3o, diante<br \/>\nde um rico acervo com quadros e esculturas de artistas pl\u00e1sticos brasileiros modernos e<br \/>\ncontempor\u00e2neos entre eles; Di Cavalcanti, Aldemir Martins, Gustavo Rosa, Cassio Lazaro,<br \/>\nClaudio Tozzi, Carlos Ara\u00fajo, Cabral, Fang, Caryb\u00e9, Gilberto Salvador, Ivald Granato, Sou Kit<br \/>\nentre outros. Sob o slogan de \u201cSimplesmente Arte\u201d a iGaler!a\u00a0 est\u00e1 de portas abertas a<br \/>\napreciadores, igualmente abertos, a experimentar as emo\u00e7\u00f5es que a arte proporciona ou para<br \/>\n\u00e0queles que desejam fazer uma aquisi\u00e7\u00e3o de qualidade\u201d.<\/p>\n<p>Exposi\u00e7\u00e3o O Imagin\u00e1rio de V\u00e2nia Braga<br \/>\n# Entrada franca<br \/>\nData: De 19 de setembro a 5 de outubro<br \/>\nLocal: iGaler!a<br \/>\nEndere\u00e7o: Alameda Araguaia, 681. Alphaville (manobristas no local)<br \/>\nHor\u00e1rio: segunda a sexta das 10h \u00e0s 18h e aos s\u00e1bados das 10h \u00e0s 15h<br \/>\nTelefone: (11) 4193-1303<\/p>\n\n","protected":false},"excerpt":{"rendered":"<p>A mostra faz parte da s\u00e9rie Reminisc\u00eancias da Inf\u00e2ncia e conta com 15 obras em bronze Entre os dias 19 de setembro e 5 de outubro, os\u00a0visitantes da iGaleria poder\u00e3o [&hellip;]<\/p>\n","protected":false},"author":2,"featured_media":6471,"template":"","meta":{"_tribe_events_status":"","_tribe_events_status_reason":"","footnotes":""},"tags":[],"tribe_events_cat":[],"class_list":["post-6460","tribe_events","type-tribe_events","status-publish","has-post-thumbnail","hentry"],"_links":{"self":[{"href":"https:\/\/baruerieventos.com.br\/site\/wp-json\/wp\/v2\/tribe_events\/6460","targetHints":{"allow":["GET"]}}],"collection":[{"href":"https:\/\/baruerieventos.com.br\/site\/wp-json\/wp\/v2\/tribe_events"}],"about":[{"href":"https:\/\/baruerieventos.com.br\/site\/wp-json\/wp\/v2\/types\/tribe_events"}],"author":[{"embeddable":true,"href":"https:\/\/baruerieventos.com.br\/site\/wp-json\/wp\/v2\/users\/2"}],"version-history":[{"count":0,"href":"https:\/\/baruerieventos.com.br\/site\/wp-json\/wp\/v2\/tribe_events\/6460\/revisions"}],"wp:featuredmedia":[{"embeddable":true,"href":"https:\/\/baruerieventos.com.br\/site\/wp-json\/"}],"wp:attachment":[{"href":"https:\/\/baruerieventos.com.br\/site\/wp-json\/wp\/v2\/media?parent=6460"}],"wp:term":[{"taxonomy":"post_tag","embeddable":true,"href":"https:\/\/baruerieventos.com.br\/site\/wp-json\/wp\/v2\/tags?post=6460"},{"taxonomy":"tribe_events_cat","embeddable":true,"href":"https:\/\/baruerieventos.com.br\/site\/wp-json\/wp\/v2\/tribe_events_cat?post=6460"}],"curies":[{"name":"wp","href":"https:\/\/api.w.org\/{rel}","templated":true}]}}