{"id":7296,"date":"2021-12-01T19:38:32","date_gmt":"2021-12-01T22:38:32","guid":{"rendered":"https:\/\/www.baruerieventos.com.br\/site\/?post_type=tribe_events&amp;p=7296"},"modified":"2021-12-01T19:38:32","modified_gmt":"2021-12-01T22:38:32","slug":"festa-de-gala-da-ginastica-artistica","status":"publish","type":"tribe_events","link":"https:\/\/baruerieventos.com.br\/site\/event\/festa-de-gala-da-ginastica-artistica\/","title":{"rendered":"Festa de gala da Gin\u00e1stica Art\u00edstica"},"content":{"rendered":"<p style=\"font-weight: 400;\"><strong>Festa de gala da Gin\u00e1stica Art\u00edstica ocorre nesta quinta-feira no Jos\u00e9 Corr\u00eaa<\/strong><\/p>\n<p style=\"font-weight: 400;\">A Academia de Gin\u00e1stica Art\u00edstica do Barueri Esporte Forte promove nesta quinta-feira, dia 2 de dezembro, a partir das 19h, a tradicional Festa de Gala. Na ocasi\u00e3o, os mestres e as alunas se confraternizam depois de um ano \u00e1rduo de treinamentos.<\/p>\n<p style=\"font-weight: 400;\">Haver\u00e1 uma apresenta\u00e7\u00e3o especial das ginastas, que ensaiaram v\u00e1rias coreografias de acordo com a tem\u00e1tica \u201cA Magia do Natal\u201d. Os familiares e amigos que costumam prestigiar o evento poder\u00e3o ocupar as arquibancadas, assim como demais interessados.<\/p>\n<p style=\"font-weight: 400;\">Ser\u00e3o observados todos os protocolos sanit\u00e1rios exigidos pelas autoridades para preven\u00e7\u00e3o da Covid-19: aferi\u00e7\u00e3o da temperatura corporal de todos os participantes, exig\u00eancia do uso da m\u00e1scara e apresenta\u00e7\u00e3o do comprovante de vacina\u00e7\u00e3o.<\/p>\n<p style=\"font-weight: 400;\">Haver\u00e1 um\u00a0<em>dispenser<\/em> de \u00e1lcool em gel 70 G.L. logo na entrada do Gin\u00e1sio Poliesportivo Jos\u00e9 Corr\u00eaa.<\/p>\n","protected":false},"excerpt":{"rendered":"<p>Festa de gala da Gin\u00e1stica Art\u00edstica ocorre nesta quinta-feira no Jos\u00e9 Corr\u00eaa A Academia de Gin\u00e1stica Art\u00edstica do Barueri Esporte Forte promove nesta quinta-feira, dia 2 de dezembro, a partir [&hellip;]<\/p>\n","protected":false},"author":2,"featured_media":7297,"template":"","meta":{"_tribe_events_status":"","_tribe_events_status_reason":"","footnotes":""},"tags":[220,2831,2832,3174,3175,3176],"tribe_events_cat":[6740,6741],"class_list":["post-7296","tribe_events","type-tribe_events","status-publish","has-post-thumbnail","hentry","tag-a-magia-do-natal","tag-festa-de-gala","tag-festa-de-gala-da-ginastica-artistica","tag-ginasio-poliesportivo-jose-correa","tag-ginastica-artistica","tag-ginastica-artistica-do-barueri-esporte-forte","tribe_events_cat-esportivos","tribe_events_cat-evento-gratuito","cat_esportivos","cat_evento-gratuito"],"_links":{"self":[{"href":"https:\/\/baruerieventos.com.br\/site\/wp-json\/wp\/v2\/tribe_events\/7296","targetHints":{"allow":["GET"]}}],"collection":[{"href":"https:\/\/baruerieventos.com.br\/site\/wp-json\/wp\/v2\/tribe_events"}],"about":[{"href":"https:\/\/baruerieventos.com.br\/site\/wp-json\/wp\/v2\/types\/tribe_events"}],"author":[{"embeddable":true,"href":"https:\/\/baruerieventos.com.br\/site\/wp-json\/wp\/v2\/users\/2"}],"version-history":[{"count":0,"href":"https:\/\/baruerieventos.com.br\/site\/wp-json\/wp\/v2\/tribe_events\/7296\/revisions"}],"wp:featuredmedia":[{"embeddable":true,"href":"https:\/\/baruerieventos.com.br\/site\/wp-json\/"}],"wp:attachment":[{"href":"https:\/\/baruerieventos.com.br\/site\/wp-json\/wp\/v2\/media?parent=7296"}],"wp:term":[{"taxonomy":"post_tag","embeddable":true,"href":"https:\/\/baruerieventos.com.br\/site\/wp-json\/wp\/v2\/tags?post=7296"},{"taxonomy":"tribe_events_cat","embeddable":true,"href":"https:\/\/baruerieventos.com.br\/site\/wp-json\/wp\/v2\/tribe_events_cat?post=7296"}],"curies":[{"name":"wp","href":"https:\/\/api.w.org\/{rel}","templated":true}]}}