{"id":763,"date":"2015-11-19T19:38:30","date_gmt":"2015-11-19T22:38:30","guid":{"rendered":"http:\/\/baruerieventos.com.br\/site\/?post_type=tribe_events&amp;p=763"},"modified":"2015-11-19T19:38:30","modified_gmt":"2015-11-19T22:38:30","slug":"forum-municipal-de-pessoas-em-situacao-de-rua","status":"publish","type":"tribe_events","link":"https:\/\/baruerieventos.com.br\/site\/event\/forum-municipal-de-pessoas-em-situacao-de-rua\/","title":{"rendered":"F\u00f3rum Municipal de Pessoas em Situa\u00e7\u00e3o de Rua"},"content":{"rendered":"<p>Pela primeira vez a cidade de Barueri ter\u00e1 um F\u00f3rum voltado \u00e0s pessoas em situa\u00e7\u00e3o de rua. \u00a0Durante o encontro, organizado pelas Secretarias de Promo\u00e7\u00e3o Social, Sa\u00fade e pela entidade social C\u00e1ritas, especialistas nas esferas federal, estadual e municipal tra\u00e7ar\u00e3o um perfil da atual situa\u00e7\u00e3o e indicar\u00e3o poss\u00edveis melhorias.<\/p>\n<p>No evento, Padre J\u00falio Lancellotti, que mant\u00e9m extenso trabalho junto a adolescentes que cumprem ato infracional, pacientes com HIV\/Aids, al\u00e9m de\u00a0 popula\u00e7\u00f5es de baixa renda e em situa\u00e7\u00f5es de rua, trar\u00e1 dados atuais em n\u00edvel federal. Com forte atua\u00e7\u00e3o na \u00e1rea de direitos humanos, J\u00falio Lancelloti falar\u00e1 sobre os direitos das pessoas nas ruas.<\/p>\n<p>Marta Marques, que \u00e9 coordenadora de oito equipes do Consult\u00f3rio na Rua\/Bompar (Centro Social Nossa Senhora do Bom Parto) falar\u00e1 sobre o trabalho desenvolvido na cidade de S\u00e3o Paulo com pessoas em situa\u00e7\u00e3o de rua e tamb\u00e9m sobre os avan\u00e7os em rela\u00e7\u00e3o aos direitos adquiridos desse p\u00fablico.<\/p>\n<p>Marli Aparecida Nunes da Silva Loriato, coordenadora t\u00e9cnica de assist\u00eancia social, tra\u00e7ar\u00e1 um panorama dos equipamentos da cidade de Barueri que atendem esse segmento da sociedade. Ana Paula Briguet, diretora da Sa\u00fade Mental de Barueri, explicar\u00e1 o trabalho do Consult\u00f3rio na Rua feito na cidade.<\/p>\n<p>J\u00e1 Marco Aur\u00e9lio Martino, coordenador t\u00e9cnico da Associa\u00e7\u00e3o C\u00e1ritas Nossa Senhora da Escada, comentar\u00e1 sobre o trabalho realizado em Barueri pela entidade, que presta um servi\u00e7o de acolhimento institucional para pessoas em situa\u00e7\u00e3o de rua, por meio de um contrato formalizado com o Munic\u00edpio de Barueri atrav\u00e9s da Secretaria de Promo\u00e7\u00e3o Social.<\/p>\n<p><strong>1\u00b0 F\u00f3rum Municipal de Pessoas em Situa\u00e7\u00e3o de Rua\u00a0<\/strong><\/p>\n<p><strong>Dia 26 de Novembro &#8211; Hor\u00e1rio: 8-14h<\/strong><\/p>\n<p><strong>\u00a0Centro de Eventos\u00a0<\/strong><\/p>\n","protected":false},"excerpt":{"rendered":"<p>Pela primeira vez a cidade de Barueri ter\u00e1 um F\u00f3rum voltado \u00e0s pessoas em situa\u00e7\u00e3o de rua. \u00a0Durante o encontro, organizado pelas Secretarias de Promo\u00e7\u00e3o Social, Sa\u00fade e pela entidade [&hellip;]<\/p>\n","protected":false},"author":1,"featured_media":764,"template":"","meta":{"_tribe_events_status":"","_tribe_events_status_reason":"","footnotes":""},"tags":[2994,2996,4085,4149,4156,4812],"tribe_events_cat":[6728,6738,6741,6752,6755],"class_list":["post-763","tribe_events","type-tribe_events","status-publish","has-post-thumbnail","hentry","tag-forum","tag-forum-municipal-de-pessoas-em-situacao-de-rua","tag-marco-aurelio-martino","tag-marli-aparecida-nunes-da-silva-loriato","tag-marta-marques","tag-padre-julio-lancellotti","tribe_events_cat-academicos","tribe_events_cat-culturais","tribe_events_cat-evento-gratuito","tribe_events_cat-palestras","tribe_events_cat-seminarios-e-congressos","cat_academicos","cat_culturais","cat_evento-gratuito","cat_palestras","cat_seminarios-e-congressos"],"_links":{"self":[{"href":"https:\/\/baruerieventos.com.br\/site\/wp-json\/wp\/v2\/tribe_events\/763","targetHints":{"allow":["GET"]}}],"collection":[{"href":"https:\/\/baruerieventos.com.br\/site\/wp-json\/wp\/v2\/tribe_events"}],"about":[{"href":"https:\/\/baruerieventos.com.br\/site\/wp-json\/wp\/v2\/types\/tribe_events"}],"author":[{"embeddable":true,"href":"https:\/\/baruerieventos.com.br\/site\/wp-json\/wp\/v2\/users\/1"}],"version-history":[{"count":0,"href":"https:\/\/baruerieventos.com.br\/site\/wp-json\/wp\/v2\/tribe_events\/763\/revisions"}],"wp:featuredmedia":[{"embeddable":true,"href":"https:\/\/baruerieventos.com.br\/site\/wp-json\/"}],"wp:attachment":[{"href":"https:\/\/baruerieventos.com.br\/site\/wp-json\/wp\/v2\/media?parent=763"}],"wp:term":[{"taxonomy":"post_tag","embeddable":true,"href":"https:\/\/baruerieventos.com.br\/site\/wp-json\/wp\/v2\/tags?post=763"},{"taxonomy":"tribe_events_cat","embeddable":true,"href":"https:\/\/baruerieventos.com.br\/site\/wp-json\/wp\/v2\/tribe_events_cat?post=763"}],"curies":[{"name":"wp","href":"https:\/\/api.w.org\/{rel}","templated":true}]}}