{"id":7757,"date":"2024-02-02T19:54:07","date_gmt":"2024-02-02T22:54:07","guid":{"rendered":"https:\/\/www.baruerieventos.com.br\/site\/?post_type=tribe_events&amp;p=7757"},"modified":"2024-02-02T19:54:07","modified_gmt":"2024-02-02T22:54:07","slug":"grito-de-carnaval-2024","status":"publish","type":"tribe_events","link":"https:\/\/baruerieventos.com.br\/site\/event\/grito-de-carnaval-2024\/","title":{"rendered":"Grito de Carnaval 2024"},"content":{"rendered":"<p style=\"font-weight: 400;\"><em><strong>Grito de Carnaval acontece dias 03 e 04\/02 no Parque <\/strong><strong>Dom<\/strong><strong>\u00a0Jos\u00e9<\/strong>\u00a0<\/em><\/p>\n<p style=\"font-weight: 400;\">O Parque Dom Jos\u00e9, situado na rua \u00c2ngela Mirella, 500, no Jardim Barueri, recebe o evento Grito de Carnaval nos dias 03 e\u00a004 de fevereiro, respectivamente\u00a0s\u00e1bado\u00a0e\u00a0domingo. Ser\u00e1 um verdadeiro \u201cesquenta\u201d para o Carnaval. Neste ano, a folia acontece entre os dias 10 e 13\/02, terminando ao meio-dia do dia 14,\u00a0Quarta-Feira de Cinzas.<\/p>\n<p style=\"font-weight: 400;\">O Grito contar\u00e1 com escola de samba, banda, DJ, food trucks e brinquedos para a crian\u00e7ada. O evento \u00e9 gratuito e organizado pela Secretaria de Recursos Naturais e Meio Ambiente (Sema). Confira a programa\u00e7\u00e3o abaixo:<\/p>\n<p style=\"font-weight: 400;\">\n<table style=\"font-weight: 400;\" width=\"0\">\n<tbody>\n<tr>\n<td colspan=\"2\" width=\"274\"><strong>Dia 03<\/strong><\/td>\n<td width=\"19\"><\/td>\n<td colspan=\"2\" width=\"260\"><strong>Dia 04<\/strong><\/td>\n<\/tr>\n<tr>\n<td width=\"113\">&nbsp;<\/td>\n<td width=\"161\">&nbsp;<\/td>\n<td width=\"19\">&nbsp;<\/td>\n<td width=\"109\">&nbsp;<\/td>\n<td width=\"151\">&nbsp;<\/td>\n<\/tr>\n<tr>\n<td width=\"113\"><strong>Hor\u00e1rio<\/strong><\/td>\n<td width=\"161\"><strong>Atra\u00e7\u00e3o<\/strong><\/td>\n<td width=\"19\"><\/td>\n<td width=\"109\"><strong>Hor\u00e1rio<\/strong><\/td>\n<td width=\"151\"><strong>Atra\u00e7\u00e3o<\/strong><\/td>\n<\/tr>\n<tr>\n<td width=\"113\">&nbsp;<\/td>\n<td width=\"161\">&nbsp;<\/td>\n<td width=\"19\">&nbsp;<\/td>\n<td width=\"109\">&nbsp;<\/td>\n<td width=\"151\">&nbsp;<\/td>\n<\/tr>\n<tr>\n<td width=\"113\">Das 15h \u00e0s 18h<\/td>\n<td width=\"161\">Dj Well Mangaly\u00a0&#8211;<\/p>\n<p>Com repert\u00f3rio de Carnaval antecedendo a escola de samba<\/td>\n<td width=\"19\">&nbsp;<\/p>\n<p>&nbsp;<\/p>\n<p>&nbsp;<\/td>\n<td width=\"109\">Das 13h \u00e0s 16h<\/td>\n<td width=\"151\">Dj Well Mangaly\u00a0&#8211;<\/p>\n<p>Com repert\u00f3rio de Carnaval antecedendo a escola de samba<\/td>\n<\/tr>\n<tr>\n<td width=\"113\">&nbsp;<\/td>\n<td width=\"161\">&nbsp;<\/td>\n<td width=\"19\">&nbsp;<\/td>\n<td width=\"109\">&nbsp;<\/td>\n<td width=\"151\">&nbsp;<\/td>\n<\/tr>\n<tr>\n<td width=\"113\">Das 18h \u00e0s 20h<\/td>\n<td width=\"161\">Escola de samba\u00a0Cad\u00eancia Paulista<\/td>\n<td width=\"19\">&nbsp;<\/p>\n<p>&nbsp;<\/td>\n<td width=\"109\">Das 16 \u00e0s 18h<\/td>\n<td width=\"151\">Beeh Santos e Banda<\/td>\n<\/tr>\n<\/tbody>\n<\/table>\n<p style=\"font-weight: 400;\">Para o gestor da Sema, Marco Ant\u00f4nio de Oliveira (Bidu), esse evento, que ter\u00e1 como cen\u00e1rio todo o verde do parque, preparar\u00e1 os visitantes para a grande festa carnavalesca \u201cLogo no come\u00e7o\u00a0de fevereiro, n\u00f3s queremos que as pessoas j\u00e1 entrem no clima de Carnaval e utilizem tudo o que o parque tem para oferecer. Esperamos que todos se divirtam muito e tenham boas hist\u00f3rias para contar depois. Preparamos essa festa com muito carinho e queremos que todos venham e caiam na folia\u201d, convida o secret\u00e1rio.<\/p>\n<p style=\"font-weight: 400;\">\n","protected":false},"excerpt":{"rendered":"<p>Grito de Carnaval acontece dias 03 e 04\/02 no Parque Dom\u00a0Jos\u00e9\u00a0 O Parque Dom Jos\u00e9, situado na rua \u00c2ngela Mirella, 500, no Jardim Barueri, recebe o evento Grito de Carnaval [&hellip;]<\/p>\n","protected":false},"author":2,"featured_media":7758,"template":"","meta":{"_tribe_events_status":"","_tribe_events_status_reason":"","footnotes":""},"tags":[970,2177,2413,4084],"tribe_events_cat":[6738,6739,6741],"class_list":["post-7757","tribe_events","type-tribe_events","status-publish","has-post-thumbnail","hentry","tag-beeh-santos-e-banda","tag-dj-well-mangaly","tag-escola-de-samba-cadencia-paulista","tag-marco-antonio-de-oliveira-bidu","tribe_events_cat-culturais","tribe_events_cat-danca","tribe_events_cat-evento-gratuito","cat_culturais","cat_danca","cat_evento-gratuito"],"_links":{"self":[{"href":"https:\/\/baruerieventos.com.br\/site\/wp-json\/wp\/v2\/tribe_events\/7757","targetHints":{"allow":["GET"]}}],"collection":[{"href":"https:\/\/baruerieventos.com.br\/site\/wp-json\/wp\/v2\/tribe_events"}],"about":[{"href":"https:\/\/baruerieventos.com.br\/site\/wp-json\/wp\/v2\/types\/tribe_events"}],"author":[{"embeddable":true,"href":"https:\/\/baruerieventos.com.br\/site\/wp-json\/wp\/v2\/users\/2"}],"version-history":[{"count":0,"href":"https:\/\/baruerieventos.com.br\/site\/wp-json\/wp\/v2\/tribe_events\/7757\/revisions"}],"wp:featuredmedia":[{"embeddable":true,"href":"https:\/\/baruerieventos.com.br\/site\/wp-json\/"}],"wp:attachment":[{"href":"https:\/\/baruerieventos.com.br\/site\/wp-json\/wp\/v2\/media?parent=7757"}],"wp:term":[{"taxonomy":"post_tag","embeddable":true,"href":"https:\/\/baruerieventos.com.br\/site\/wp-json\/wp\/v2\/tags?post=7757"},{"taxonomy":"tribe_events_cat","embeddable":true,"href":"https:\/\/baruerieventos.com.br\/site\/wp-json\/wp\/v2\/tribe_events_cat?post=7757"}],"curies":[{"name":"wp","href":"https:\/\/api.w.org\/{rel}","templated":true}]}}