{"id":806,"date":"2015-12-06T00:06:51","date_gmt":"2015-12-06T03:06:51","guid":{"rendered":"http:\/\/baruerieventos.com.br\/site\/?post_type=tribe_events&amp;p=806"},"modified":"2015-12-06T00:06:51","modified_gmt":"2015-12-06T03:06:51","slug":"natal-em-santana-de-parnaiba","status":"publish","type":"tribe_events","link":"https:\/\/baruerieventos.com.br\/site\/event\/natal-em-santana-de-parnaiba\/","title":{"rendered":"Natal em Santana de Parna\u00edba"},"content":{"rendered":"<div id=\"contentLightTitulo\">A programa\u00e7\u00e3o natalina da cidade conta com pres\u00e9pio com cerca de 300 m\u00b2 composto por cenografia com mais 30 personagens, entre figuras humanas e animais, todos mecanizados e em tamanho natural.\u00a0Tudo isso em formato de ilha em 360\u00ba. O Centro Hist\u00f3rico est\u00e1 iluminado com mais de 1 milh\u00e3o de micro l\u00e2mpadas. As Cantatas de Natal acontecem sempre \u00e0s 20h.<\/div>\n<div>J\u00e1 no Centro de Mem\u00f3ria e Integra\u00e7\u00e3o Cultural (CEMIC), a partir de 12\/12, haver\u00e1 a 1\u00aa F\u00e1brica de Brinquedos do Papai Noel, onde o p\u00fablico poder\u00e1 acompanhar a confec\u00e7\u00e3o dos brinquedos desde o recebimento da carta pelo Papai Noel at\u00e9 a entrega \u00e0s crian\u00e7as.<\/div>\n<div>\n<p align=\"center\"><strong>Cronograma Natalino<\/strong><\/p>\n<p><strong><u>05\/12<\/u><\/strong><u>\/<strong>2015<\/strong><\/u>\u00a0\u00a0&#8211;\u00a0\u00a0<strong>ABERTURA OFICIAL<\/strong><br \/>\n\u00b7\u00a0\u00a0\u00a0\u00a0\u00a0\u00a0\u00a020h &#8211; abertura oficial do Pres\u00e9pio<br \/>\n\u00b7\u00a0\u00a0\u00a0\u00a0\u00a0\u00a0\u00a020h05 \u2013 Contagem regressiva para o acendimento da decora\u00e7\u00e3o de Natal.<br \/>\n\u00b7\u00a0\u00a0\u00a0\u00a0\u00a0\u00a0\u00a020h10\u00a0 &#8211; Chegada do\u00a0Papai Noel\u00a0no\u00a0Tren\u00f3.<br \/>\n\u00b7\u00a0\u00a0\u00a0\u00a0\u00a0\u00a0\u00a020h30 min &#8211; Coral de Natal CCAM<\/p>\n<p><strong><u>06\/12\/2015<\/u><\/strong><u>\u00a0\u00a0<\/u><br \/>\n\u00b7\u00a0\u00a0\u00a0\u00a0\u00a0\u00a0\u00a020h \u2013 Cantatas com o Coral da Igreja Presbiteriana<\/p>\n<p><strong><u>12\/12\/2015<\/u><\/strong><u>\u00a0<\/u><br \/>\n\u00b7\u00a0\u00a0\u00a0\u00a0\u00a0\u00a0\u00a0\u00a020h \u2013 Proje\u00e7\u00e3o Mapeada \u2013 Pres\u00e9pio<br \/>\n\u00b7\u00a0\u00a0\u00a0\u00a0\u00a0\u00a0\u00a020h10 &#8211; Inaugura\u00e7\u00e3o da F\u00e1brica do Papai Noel \u2013 CEMIC<br \/>\n\u00b7\u00a0\u00a0\u00a0\u00a0\u00a0\u00a0\u00a020h30min\u00a0 &#8211; Cantatas com o Coral Harmonia<\/p>\n<p><strong><u>13\/12 \/2015<\/u><\/strong><br \/>\n\u00b7\u00a0\u00a0\u00a0\u00a0\u00a0\u00a0\u00a020h &#8211; Coral Alphaville (apresenta\u00e7\u00e3o musical)<\/p>\n<p><strong><u>19\/12\/2015<\/u><\/strong><br \/>\n\u00b7\u00a0\u00a0\u00a0\u00a0\u00a0\u00a0\u00a020h &#8211; Coral Alpha Kids da igreja Presbiteriana<\/p>\n<p><strong><u>20\/12\/2015<\/u><\/strong><br \/>\n\u00b7\u00a0\u00a0\u00a0\u00a0\u00a0\u00a0\u00a020h &#8211; Coral da Igreja Jesus Cristo dos Santos dos \u00daltimos Dias<\/p>\n<\/div>\n<div>Data: 5\/12 a 6\/1<br \/>\nLocal: Pra\u00e7a 14 de Novembro. Centro. Santana de Parna\u00edba, SP<\/p>\n<\/div>\n","protected":false},"excerpt":{"rendered":"<p>A programa\u00e7\u00e3o natalina da cidade conta com pres\u00e9pio com cerca de 300 m\u00b2 composto por cenografia com mais 30 personagens, entre figuras humanas e animais, todos mecanizados e em tamanho [&hellip;]<\/p>\n","protected":false},"author":2,"featured_media":807,"template":"","meta":{"_tribe_events_status":"","_tribe_events_status_reason":"","footnotes":""},"tags":[],"tribe_events_cat":[6729,6738,6748,6750,6756],"class_list":["post-806","tribe_events","type-tribe_events","status-publish","has-post-thumbnail","hentry","tribe_events_cat-arte","tribe_events_cat-culturais","tribe_events_cat-infantil","tribe_events_cat-musicais","tribe_events_cat-shows","cat_arte","cat_culturais","cat_infantil","cat_musicais","cat_shows"],"_links":{"self":[{"href":"https:\/\/baruerieventos.com.br\/site\/wp-json\/wp\/v2\/tribe_events\/806","targetHints":{"allow":["GET"]}}],"collection":[{"href":"https:\/\/baruerieventos.com.br\/site\/wp-json\/wp\/v2\/tribe_events"}],"about":[{"href":"https:\/\/baruerieventos.com.br\/site\/wp-json\/wp\/v2\/types\/tribe_events"}],"author":[{"embeddable":true,"href":"https:\/\/baruerieventos.com.br\/site\/wp-json\/wp\/v2\/users\/2"}],"version-history":[{"count":0,"href":"https:\/\/baruerieventos.com.br\/site\/wp-json\/wp\/v2\/tribe_events\/806\/revisions"}],"wp:featuredmedia":[{"embeddable":true,"href":"https:\/\/baruerieventos.com.br\/site\/wp-json\/"}],"wp:attachment":[{"href":"https:\/\/baruerieventos.com.br\/site\/wp-json\/wp\/v2\/media?parent=806"}],"wp:term":[{"taxonomy":"post_tag","embeddable":true,"href":"https:\/\/baruerieventos.com.br\/site\/wp-json\/wp\/v2\/tags?post=806"},{"taxonomy":"tribe_events_cat","embeddable":true,"href":"https:\/\/baruerieventos.com.br\/site\/wp-json\/wp\/v2\/tribe_events_cat?post=806"}],"curies":[{"name":"wp","href":"https:\/\/api.w.org\/{rel}","templated":true}]}}